{"id":644,"date":"2022-10-22T07:50:30","date_gmt":"2022-10-22T07:50:30","guid":{"rendered":"https:\/\/www.pensionespana.es\/web\/?page_id=644"},"modified":"2022-10-24T20:28:49","modified_gmt":"2022-10-24T20:28:49","slug":"habitaciones-dobles","status":"publish","type":"page","link":"https:\/\/www.pensionespana.es\/web\/habitaciones-dobles\/","title":{"rendered":"Habitaciones Dobles"},"content":{"rendered":"\t\t<div data-elementor-type=\"wp-page\" data-elementor-id=\"644\" class=\"elementor elementor-644\">\n\t\t\t\t\t\t<section class=\"elementor-section elementor-top-section elementor-element elementor-element-59cbf9f7 elementor-section-boxed elementor-section-height-default elementor-section-height-default\" data-id=\"59cbf9f7\" data-element_type=\"section\" data-e-type=\"section\" data-settings=\"{&quot;background_background&quot;:&quot;classic&quot;}\">\n\t\t\t\t\t\t<div class=\"elementor-container elementor-column-gap-default\">\n\t\t\t\t\t<div class=\"elementor-column elementor-col-100 elementor-top-column elementor-element elementor-element-11480a93\" data-id=\"11480a93\" data-element_type=\"column\" data-e-type=\"column\">\n\t\t\t<div class=\"elementor-widget-wrap elementor-element-populated\">\n\t\t\t\t\t\t<section class=\"elementor-section elementor-inner-section elementor-element elementor-element-5bbddc7a elementor-section-boxed elementor-section-height-default elementor-section-height-default\" data-id=\"5bbddc7a\" data-element_type=\"section\" data-e-type=\"section\" data-settings=\"{&quot;background_background&quot;:&quot;classic&quot;}\">\n\t\t\t\t\t\t<div class=\"elementor-container elementor-column-gap-default\">\n\t\t\t\t\t<div class=\"elementor-column elementor-col-100 elementor-inner-column elementor-element elementor-element-79da187b\" data-id=\"79da187b\" data-element_type=\"column\" data-e-type=\"column\" data-settings=\"{&quot;background_background&quot;:&quot;classic&quot;}\">\n\t\t\t<div class=\"elementor-widget-wrap elementor-element-populated\">\n\t\t\t\t\t\t<div class=\"elementor-element elementor-element-1dabc3f2 elementor-widget elementor-widget-heading\" data-id=\"1dabc3f2\" data-element_type=\"widget\" data-e-type=\"widget\" data-widget_type=\"heading.default\">\n\t\t\t\t<div class=\"elementor-widget-container\">\n\t\t\t\t\t<h1 class=\"elementor-heading-title elementor-size-default\">Dobles<\/h1>\t\t\t\t<\/div>\n\t\t\t\t<\/div>\n\t\t\t\t\t<\/div>\n\t\t<\/div>\n\t\t\t\t\t<\/div>\n\t\t<\/section>\n\t\t\t\t\t<\/div>\n\t\t<\/div>\n\t\t\t\t\t<\/div>\n\t\t<\/section>\n\t\t\t\t<section class=\"elementor-section elementor-top-section elementor-element elementor-element-fe634cd elementor-section-boxed elementor-section-height-default elementor-section-height-default\" data-id=\"fe634cd\" data-element_type=\"section\" data-e-type=\"section\" data-settings=\"{&quot;background_background&quot;:&quot;classic&quot;}\">\n\t\t\t\t\t\t<div class=\"elementor-container elementor-column-gap-default\">\n\t\t\t\t\t<div class=\"elementor-column elementor-col-100 elementor-top-column elementor-element elementor-element-0f09ae1\" data-id=\"0f09ae1\" data-element_type=\"column\" data-e-type=\"column\">\n\t\t\t<div class=\"elementor-widget-wrap elementor-element-populated\">\n\t\t\t\t\t\t<div class=\"elementor-element elementor-element-83c93ca elementor-widget elementor-widget-heading\" data-id=\"83c93ca\" data-element_type=\"widget\" data-e-type=\"widget\" data-widget_type=\"heading.default\">\n\t\t\t\t<div class=\"elementor-widget-container\">\n\t\t\t\t\t<h3 class=\"elementor-heading-title elementor-size-default\">Habitaci\u00f3n doble econ\u00f3mica con ba\u00f1o compartido<\/h3>\t\t\t\t<\/div>\n\t\t\t\t<\/div>\n\t\t\t\t\t<\/div>\n\t\t<\/div>\n\t\t\t\t\t<\/div>\n\t\t<\/section>\n\t\t\t\t<section class=\"elementor-section elementor-top-section elementor-element elementor-element-352fe93 elementor-section-boxed elementor-section-height-default elementor-section-height-default\" data-id=\"352fe93\" data-element_type=\"section\" data-e-type=\"section\" data-settings=\"{&quot;background_background&quot;:&quot;classic&quot;}\">\n\t\t\t\t\t\t<div class=\"elementor-container elementor-column-gap-default\">\n\t\t\t\t\t<div class=\"elementor-column elementor-col-100 elementor-top-column elementor-element elementor-element-c825160\" data-id=\"c825160\" data-element_type=\"column\" data-e-type=\"column\">\n\t\t\t<div class=\"elementor-widget-wrap elementor-element-populated\">\n\t\t\t\t\t\t<div class=\"elementor-element elementor-element-8b0aa93 elementor-widget elementor-widget-text-editor\" data-id=\"8b0aa93\" data-element_type=\"widget\" data-e-type=\"widget\" data-widget_type=\"text-editor.default\">\n\t\t\t\t<div class=\"elementor-widget-container\">\n\t\t\t\t\t\t\t\t\t<p>Esta habitaci\u00f3n cuenta con una cama de matrimonio, suelo de baldosa y colores pastel. Dentro de la habitaci\u00f3n encontrar\u00e1s una ventana a la calle y un ventilador. El ba\u00f1o es compartido.<\/p>\t\t\t\t\t\t\t\t<\/div>\n\t\t\t\t<\/div>\n\t\t\t\t\t<\/div>\n\t\t<\/div>\n\t\t\t\t\t<\/div>\n\t\t<\/section>\n\t\t\t\t<section class=\"elementor-section elementor-top-section elementor-element elementor-element-57bc316 elementor-section-boxed elementor-section-height-default elementor-section-height-default\" data-id=\"57bc316\" data-element_type=\"section\" data-e-type=\"section\">\n\t\t\t\t\t\t\t<div class=\"elementor-background-overlay\"><\/div>\n\t\t\t\t\t\t\t<div class=\"elementor-container elementor-column-gap-default\">\n\t\t\t\t\t<div class=\"elementor-column elementor-col-33 elementor-top-column elementor-element elementor-element-a4925f7\" data-id=\"a4925f7\" data-element_type=\"column\" data-e-type=\"column\">\n\t\t\t<div class=\"elementor-widget-wrap elementor-element-populated\">\n\t\t\t\t\t\t<div class=\"elementor-element elementor-element-0160c34 elementor-widget elementor-widget-image\" data-id=\"0160c34\" data-element_type=\"widget\" data-e-type=\"widget\" data-widget_type=\"image.default\">\n\t\t\t\t<div class=\"elementor-widget-container\">\n\t\t\t\t\t\t\t\t\t\t\t\t\t\t\t<img fetchpriority=\"high\" decoding=\"async\" data-attachment-id=\"570\" data-permalink=\"https:\/\/www.pensionespana.es\/web\/doble-economica-con-bano-compartido-pension-espana\/\" data-orig-file=\"https:\/\/www.pensionespana.es\/web\/wp-content\/uploads\/2022\/10\/Doble-economica-con-bano-compartido-pension-espana-scaled.jpeg\" data-orig-size=\"2560,1920\" data-comments-opened=\"1\" data-image-meta=\"{&quot;aperture&quot;:&quot;0&quot;,&quot;credit&quot;:&quot;&quot;,&quot;camera&quot;:&quot;&quot;,&quot;caption&quot;:&quot;&quot;,&quot;created_timestamp&quot;:&quot;1655874674&quot;,&quot;copyright&quot;:&quot;&quot;,&quot;focal_length&quot;:&quot;0&quot;,&quot;iso&quot;:&quot;0&quot;,&quot;shutter_speed&quot;:&quot;0&quot;,&quot;title&quot;:&quot;&quot;,&quot;orientation&quot;:&quot;1&quot;}\" data-image-title=\"Doble economica con ba\u00f1o compartido pension espa\u00f1a\" data-image-description=\"\" data-image-caption=\"\" data-large-file=\"https:\/\/www.pensionespana.es\/web\/wp-content\/uploads\/2022\/10\/Doble-economica-con-bano-compartido-pension-espana-1024x768.jpeg\" width=\"768\" height=\"576\" src=\"https:\/\/www.pensionespana.es\/web\/wp-content\/uploads\/2022\/10\/Doble-economica-con-bano-compartido-pension-espana-768x576.jpeg\" class=\"attachment-medium_large size-medium_large wp-image-570\" alt=\"Doble econ\u00f3mica con ba\u00f1o compartido\" srcset=\"https:\/\/www.pensionespana.es\/web\/wp-content\/uploads\/2022\/10\/Doble-economica-con-bano-compartido-pension-espana-768x576.jpeg 768w, https:\/\/www.pensionespana.es\/web\/wp-content\/uploads\/2022\/10\/Doble-economica-con-bano-compartido-pension-espana-300x225.jpeg 300w, https:\/\/www.pensionespana.es\/web\/wp-content\/uploads\/2022\/10\/Doble-economica-con-bano-compartido-pension-espana-1024x768.jpeg 1024w, https:\/\/www.pensionespana.es\/web\/wp-content\/uploads\/2022\/10\/Doble-economica-con-bano-compartido-pension-espana-1536x1152.jpeg 1536w, https:\/\/www.pensionespana.es\/web\/wp-content\/uploads\/2022\/10\/Doble-economica-con-bano-compartido-pension-espana-2048x1536.jpeg 2048w\" sizes=\"(max-width: 768px) 100vw, 768px\" data-attachment-id=\"570\" data-permalink=\"https:\/\/www.pensionespana.es\/web\/doble-economica-con-bano-compartido-pension-espana\/\" data-orig-file=\"https:\/\/www.pensionespana.es\/web\/wp-content\/uploads\/2022\/10\/Doble-economica-con-bano-compartido-pension-espana-scaled.jpeg\" data-orig-size=\"2560,1920\" data-comments-opened=\"1\" data-image-meta=\"{&quot;aperture&quot;:&quot;0&quot;,&quot;credit&quot;:&quot;&quot;,&quot;camera&quot;:&quot;&quot;,&quot;caption&quot;:&quot;&quot;,&quot;created_timestamp&quot;:&quot;1655874674&quot;,&quot;copyright&quot;:&quot;&quot;,&quot;focal_length&quot;:&quot;0&quot;,&quot;iso&quot;:&quot;0&quot;,&quot;shutter_speed&quot;:&quot;0&quot;,&quot;title&quot;:&quot;&quot;,&quot;orientation&quot;:&quot;1&quot;}\" data-image-title=\"Doble economica con ba\u00f1o compartido pension espa\u00f1a\" data-image-description=\"\" data-image-caption=\"\" data-large-file=\"https:\/\/www.pensionespana.es\/web\/wp-content\/uploads\/2022\/10\/Doble-economica-con-bano-compartido-pension-espana-1024x768.jpeg\" \/>\t\t\t\t\t\t\t\t\t\t\t\t\t\t\t<\/div>\n\t\t\t\t<\/div>\n\t\t\t\t\t<\/div>\n\t\t<\/div>\n\t\t\t\t<div class=\"elementor-column elementor-col-33 elementor-top-column elementor-element elementor-element-a389887\" data-id=\"a389887\" data-element_type=\"column\" data-e-type=\"column\">\n\t\t\t<div class=\"elementor-widget-wrap\">\n\t\t\t\t\t\t\t<\/div>\n\t\t<\/div>\n\t\t\t\t<div class=\"elementor-column elementor-col-33 elementor-top-column elementor-element elementor-element-f6fe72b\" data-id=\"f6fe72b\" data-element_type=\"column\" data-e-type=\"column\">\n\t\t\t<div class=\"elementor-widget-wrap elementor-element-populated\">\n\t\t\t\t\t\t<div class=\"elementor-element elementor-element-4e80660 elementor-widget elementor-widget-image\" data-id=\"4e80660\" data-element_type=\"widget\" data-e-type=\"widget\" data-widget_type=\"image.default\">\n\t\t\t\t<div class=\"elementor-widget-container\">\n\t\t\t\t\t\t\t\t\t\t\t\t\t\t\t<img decoding=\"async\" data-attachment-id=\"573\" data-permalink=\"https:\/\/www.pensionespana.es\/web\/double-budget-with-shared-bathroom\/\" data-orig-file=\"https:\/\/www.pensionespana.es\/web\/wp-content\/uploads\/2022\/10\/Double-budget-with-shared-bathroom-scaled.jpg\" data-orig-size=\"2560,1920\" data-comments-opened=\"1\" data-image-meta=\"{&quot;aperture&quot;:&quot;0&quot;,&quot;credit&quot;:&quot;&quot;,&quot;camera&quot;:&quot;&quot;,&quot;caption&quot;:&quot;&quot;,&quot;created_timestamp&quot;:&quot;1655874674&quot;,&quot;copyright&quot;:&quot;&quot;,&quot;focal_length&quot;:&quot;0&quot;,&quot;iso&quot;:&quot;0&quot;,&quot;shutter_speed&quot;:&quot;0&quot;,&quot;title&quot;:&quot;&quot;,&quot;orientation&quot;:&quot;1&quot;}\" data-image-title=\"Double budget with shared bathroom\" data-image-description=\"\" data-image-caption=\"\" data-large-file=\"https:\/\/www.pensionespana.es\/web\/wp-content\/uploads\/2022\/10\/Double-budget-with-shared-bathroom-1024x768.jpg\" width=\"768\" height=\"576\" src=\"https:\/\/www.pensionespana.es\/web\/wp-content\/uploads\/2022\/10\/Double-budget-with-shared-bathroom-768x576.jpg\" class=\"attachment-medium_large size-medium_large wp-image-573\" alt=\"Doble econ\u00f3mica con ba\u00f1o compartido\" srcset=\"https:\/\/www.pensionespana.es\/web\/wp-content\/uploads\/2022\/10\/Double-budget-with-shared-bathroom-768x576.jpg 768w, https:\/\/www.pensionespana.es\/web\/wp-content\/uploads\/2022\/10\/Double-budget-with-shared-bathroom-300x225.jpg 300w, https:\/\/www.pensionespana.es\/web\/wp-content\/uploads\/2022\/10\/Double-budget-with-shared-bathroom-1024x768.jpg 1024w, https:\/\/www.pensionespana.es\/web\/wp-content\/uploads\/2022\/10\/Double-budget-with-shared-bathroom-1536x1152.jpg 1536w, https:\/\/www.pensionespana.es\/web\/wp-content\/uploads\/2022\/10\/Double-budget-with-shared-bathroom-2048x1536.jpg 2048w\" sizes=\"(max-width: 768px) 100vw, 768px\" data-attachment-id=\"573\" data-permalink=\"https:\/\/www.pensionespana.es\/web\/double-budget-with-shared-bathroom\/\" data-orig-file=\"https:\/\/www.pensionespana.es\/web\/wp-content\/uploads\/2022\/10\/Double-budget-with-shared-bathroom-scaled.jpg\" data-orig-size=\"2560,1920\" data-comments-opened=\"1\" data-image-meta=\"{&quot;aperture&quot;:&quot;0&quot;,&quot;credit&quot;:&quot;&quot;,&quot;camera&quot;:&quot;&quot;,&quot;caption&quot;:&quot;&quot;,&quot;created_timestamp&quot;:&quot;1655874674&quot;,&quot;copyright&quot;:&quot;&quot;,&quot;focal_length&quot;:&quot;0&quot;,&quot;iso&quot;:&quot;0&quot;,&quot;shutter_speed&quot;:&quot;0&quot;,&quot;title&quot;:&quot;&quot;,&quot;orientation&quot;:&quot;1&quot;}\" data-image-title=\"Double budget with shared bathroom\" data-image-description=\"\" data-image-caption=\"\" data-large-file=\"https:\/\/www.pensionespana.es\/web\/wp-content\/uploads\/2022\/10\/Double-budget-with-shared-bathroom-1024x768.jpg\" \/>\t\t\t\t\t\t\t\t\t\t\t\t\t\t\t<\/div>\n\t\t\t\t<\/div>\n\t\t\t\t\t<\/div>\n\t\t<\/div>\n\t\t\t\t\t<\/div>\n\t\t<\/section>\n\t\t\t\t<section class=\"elementor-section elementor-top-section elementor-element elementor-element-67a016c elementor-section-boxed elementor-section-height-default elementor-section-height-default\" data-id=\"67a016c\" data-element_type=\"section\" data-e-type=\"section\" data-settings=\"{&quot;background_background&quot;:&quot;classic&quot;}\">\n\t\t\t\t\t\t<div class=\"elementor-container elementor-column-gap-default\">\n\t\t\t\t\t<div class=\"elementor-column elementor-col-33 elementor-top-column elementor-element elementor-element-1d244d9\" data-id=\"1d244d9\" data-element_type=\"column\" data-e-type=\"column\">\n\t\t\t<div class=\"elementor-widget-wrap elementor-element-populated\">\n\t\t\t\t\t\t<div class=\"elementor-element elementor-element-e6e3f44 elementor-widget elementor-widget-image\" data-id=\"e6e3f44\" data-element_type=\"widget\" data-e-type=\"widget\" data-widget_type=\"image.default\">\n\t\t\t\t<div class=\"elementor-widget-container\">\n\t\t\t\t\t\t\t\t\t\t\t\t\t\t\t<img decoding=\"async\" data-attachment-id=\"572\" data-permalink=\"https:\/\/www.pensionespana.es\/web\/double-bedroom-budget-cadiz\/\" data-orig-file=\"https:\/\/www.pensionespana.es\/web\/wp-content\/uploads\/2022\/10\/double-bedroom-budget-cadiz-scaled.jpg\" data-orig-size=\"2560,1920\" data-comments-opened=\"1\" data-image-meta=\"{&quot;aperture&quot;:&quot;0&quot;,&quot;credit&quot;:&quot;&quot;,&quot;camera&quot;:&quot;&quot;,&quot;caption&quot;:&quot;&quot;,&quot;created_timestamp&quot;:&quot;1655874704&quot;,&quot;copyright&quot;:&quot;&quot;,&quot;focal_length&quot;:&quot;0&quot;,&quot;iso&quot;:&quot;0&quot;,&quot;shutter_speed&quot;:&quot;0&quot;,&quot;title&quot;:&quot;&quot;,&quot;orientation&quot;:&quot;1&quot;}\" data-image-title=\"double bedroom budget cadiz\" data-image-description=\"\" data-image-caption=\"\" data-large-file=\"https:\/\/www.pensionespana.es\/web\/wp-content\/uploads\/2022\/10\/double-bedroom-budget-cadiz-1024x768.jpg\" width=\"768\" height=\"576\" src=\"https:\/\/www.pensionespana.es\/web\/wp-content\/uploads\/2022\/10\/double-bedroom-budget-cadiz-768x576.jpg\" class=\"attachment-medium_large size-medium_large wp-image-572\" alt=\"Doble econ\u00f3mica con ba\u00f1o compartido\" srcset=\"https:\/\/www.pensionespana.es\/web\/wp-content\/uploads\/2022\/10\/double-bedroom-budget-cadiz-768x576.jpg 768w, https:\/\/www.pensionespana.es\/web\/wp-content\/uploads\/2022\/10\/double-bedroom-budget-cadiz-300x225.jpg 300w, https:\/\/www.pensionespana.es\/web\/wp-content\/uploads\/2022\/10\/double-bedroom-budget-cadiz-1024x768.jpg 1024w, https:\/\/www.pensionespana.es\/web\/wp-content\/uploads\/2022\/10\/double-bedroom-budget-cadiz-1536x1152.jpg 1536w, https:\/\/www.pensionespana.es\/web\/wp-content\/uploads\/2022\/10\/double-bedroom-budget-cadiz-2048x1536.jpg 2048w\" sizes=\"(max-width: 768px) 100vw, 768px\" data-attachment-id=\"572\" data-permalink=\"https:\/\/www.pensionespana.es\/web\/double-bedroom-budget-cadiz\/\" data-orig-file=\"https:\/\/www.pensionespana.es\/web\/wp-content\/uploads\/2022\/10\/double-bedroom-budget-cadiz-scaled.jpg\" data-orig-size=\"2560,1920\" data-comments-opened=\"1\" data-image-meta=\"{&quot;aperture&quot;:&quot;0&quot;,&quot;credit&quot;:&quot;&quot;,&quot;camera&quot;:&quot;&quot;,&quot;caption&quot;:&quot;&quot;,&quot;created_timestamp&quot;:&quot;1655874704&quot;,&quot;copyright&quot;:&quot;&quot;,&quot;focal_length&quot;:&quot;0&quot;,&quot;iso&quot;:&quot;0&quot;,&quot;shutter_speed&quot;:&quot;0&quot;,&quot;title&quot;:&quot;&quot;,&quot;orientation&quot;:&quot;1&quot;}\" data-image-title=\"double bedroom budget cadiz\" data-image-description=\"\" data-image-caption=\"\" data-large-file=\"https:\/\/www.pensionespana.es\/web\/wp-content\/uploads\/2022\/10\/double-bedroom-budget-cadiz-1024x768.jpg\" \/>\t\t\t\t\t\t\t\t\t\t\t\t\t\t\t<\/div>\n\t\t\t\t<\/div>\n\t\t\t\t\t<\/div>\n\t\t<\/div>\n\t\t\t\t<div class=\"elementor-column elementor-col-33 elementor-top-column elementor-element elementor-element-ab17add\" data-id=\"ab17add\" data-element_type=\"column\" data-e-type=\"column\">\n\t\t\t<div class=\"elementor-widget-wrap\">\n\t\t\t\t\t\t\t<\/div>\n\t\t<\/div>\n\t\t\t\t<div class=\"elementor-column elementor-col-33 elementor-top-column elementor-element elementor-element-af4146b\" data-id=\"af4146b\" data-element_type=\"column\" data-e-type=\"column\">\n\t\t\t<div class=\"elementor-widget-wrap elementor-element-populated\">\n\t\t\t\t\t\t<div class=\"elementor-element elementor-element-1610fb9 elementor-widget elementor-widget-image\" data-id=\"1610fb9\" data-element_type=\"widget\" data-e-type=\"widget\" data-widget_type=\"image.default\">\n\t\t\t\t<div class=\"elementor-widget-container\">\n\t\t\t\t\t\t\t\t\t\t\t\t\t\t\t<img loading=\"lazy\" decoding=\"async\" data-attachment-id=\"571\" data-permalink=\"https:\/\/www.pensionespana.es\/web\/doble-economica-pension-en-cadiz\/\" data-orig-file=\"https:\/\/www.pensionespana.es\/web\/wp-content\/uploads\/2022\/10\/Doble-economica-pension-en-cadiz-scaled.jpg\" data-orig-size=\"2560,1920\" data-comments-opened=\"1\" data-image-meta=\"{&quot;aperture&quot;:&quot;0&quot;,&quot;credit&quot;:&quot;&quot;,&quot;camera&quot;:&quot;&quot;,&quot;caption&quot;:&quot;&quot;,&quot;created_timestamp&quot;:&quot;1655874704&quot;,&quot;copyright&quot;:&quot;&quot;,&quot;focal_length&quot;:&quot;0&quot;,&quot;iso&quot;:&quot;0&quot;,&quot;shutter_speed&quot;:&quot;0&quot;,&quot;title&quot;:&quot;&quot;,&quot;orientation&quot;:&quot;1&quot;}\" data-image-title=\"Doble economica pension en cadiz\" data-image-description=\"\" data-image-caption=\"\" data-large-file=\"https:\/\/www.pensionespana.es\/web\/wp-content\/uploads\/2022\/10\/Doble-economica-pension-en-cadiz-1024x768.jpg\" width=\"768\" height=\"576\" src=\"https:\/\/www.pensionespana.es\/web\/wp-content\/uploads\/2022\/10\/Doble-economica-pension-en-cadiz-768x576.jpg\" class=\"attachment-medium_large size-medium_large wp-image-571\" alt=\"Doble econ\u00f3mica con ba\u00f1o compartido\" srcset=\"https:\/\/www.pensionespana.es\/web\/wp-content\/uploads\/2022\/10\/Doble-economica-pension-en-cadiz-768x576.jpg 768w, https:\/\/www.pensionespana.es\/web\/wp-content\/uploads\/2022\/10\/Doble-economica-pension-en-cadiz-300x225.jpg 300w, https:\/\/www.pensionespana.es\/web\/wp-content\/uploads\/2022\/10\/Doble-economica-pension-en-cadiz-1024x768.jpg 1024w, https:\/\/www.pensionespana.es\/web\/wp-content\/uploads\/2022\/10\/Doble-economica-pension-en-cadiz-1536x1152.jpg 1536w, https:\/\/www.pensionespana.es\/web\/wp-content\/uploads\/2022\/10\/Doble-economica-pension-en-cadiz-2048x1536.jpg 2048w\" sizes=\"(max-width: 768px) 100vw, 768px\" data-attachment-id=\"571\" data-permalink=\"https:\/\/www.pensionespana.es\/web\/doble-economica-pension-en-cadiz\/\" data-orig-file=\"https:\/\/www.pensionespana.es\/web\/wp-content\/uploads\/2022\/10\/Doble-economica-pension-en-cadiz-scaled.jpg\" data-orig-size=\"2560,1920\" data-comments-opened=\"1\" data-image-meta=\"{&quot;aperture&quot;:&quot;0&quot;,&quot;credit&quot;:&quot;&quot;,&quot;camera&quot;:&quot;&quot;,&quot;caption&quot;:&quot;&quot;,&quot;created_timestamp&quot;:&quot;1655874704&quot;,&quot;copyright&quot;:&quot;&quot;,&quot;focal_length&quot;:&quot;0&quot;,&quot;iso&quot;:&quot;0&quot;,&quot;shutter_speed&quot;:&quot;0&quot;,&quot;title&quot;:&quot;&quot;,&quot;orientation&quot;:&quot;1&quot;}\" data-image-title=\"Doble economica pension en cadiz\" data-image-description=\"\" data-image-caption=\"\" data-large-file=\"https:\/\/www.pensionespana.es\/web\/wp-content\/uploads\/2022\/10\/Doble-economica-pension-en-cadiz-1024x768.jpg\" \/>\t\t\t\t\t\t\t\t\t\t\t\t\t\t\t<\/div>\n\t\t\t\t<\/div>\n\t\t\t\t\t<\/div>\n\t\t<\/div>\n\t\t\t\t\t<\/div>\n\t\t<\/section>\n\t\t\t\t<section class=\"elementor-section elementor-top-section elementor-element elementor-element-55593ca elementor-section-boxed elementor-section-height-default elementor-section-height-default\" data-id=\"55593ca\" data-element_type=\"section\" data-e-type=\"section\" data-settings=\"{&quot;background_background&quot;:&quot;classic&quot;}\">\n\t\t\t\t\t\t<div class=\"elementor-container elementor-column-gap-default\">\n\t\t\t\t\t<div class=\"elementor-column elementor-col-16 elementor-top-column elementor-element elementor-element-796ff99\" data-id=\"796ff99\" data-element_type=\"column\" data-e-type=\"column\">\n\t\t\t<div class=\"elementor-widget-wrap\">\n\t\t\t\t\t\t\t<\/div>\n\t\t<\/div>\n\t\t\t\t<div class=\"elementor-column elementor-col-66 elementor-top-column elementor-element elementor-element-d7667a9\" data-id=\"d7667a9\" data-element_type=\"column\" data-e-type=\"column\">\n\t\t\t<div class=\"elementor-widget-wrap elementor-element-populated\">\n\t\t\t\t\t\t<div class=\"elementor-element elementor-element-aac9269 elementor-widget elementor-widget-heading\" data-id=\"aac9269\" data-element_type=\"widget\" data-e-type=\"widget\" data-widget_type=\"heading.default\">\n\t\t\t\t<div class=\"elementor-widget-container\">\n\t\t\t\t\t<h3 class=\"elementor-heading-title elementor-size-default\">Habitaci\u00f3n doble con ba\u00f1o compartido - &nbsp;2 camas individuales<\/h3>\t\t\t\t<\/div>\n\t\t\t\t<\/div>\n\t\t\t\t\t<\/div>\n\t\t<\/div>\n\t\t\t\t<div class=\"elementor-column elementor-col-16 elementor-top-column elementor-element elementor-element-8134188\" data-id=\"8134188\" data-element_type=\"column\" data-e-type=\"column\">\n\t\t\t<div class=\"elementor-widget-wrap\">\n\t\t\t\t\t\t\t<\/div>\n\t\t<\/div>\n\t\t\t\t\t<\/div>\n\t\t<\/section>\n\t\t\t\t<section class=\"elementor-section elementor-top-section elementor-element elementor-element-87be593 elementor-section-boxed elementor-section-height-default elementor-section-height-default\" data-id=\"87be593\" data-element_type=\"section\" data-e-type=\"section\" data-settings=\"{&quot;background_background&quot;:&quot;classic&quot;}\">\n\t\t\t\t\t\t<div class=\"elementor-container elementor-column-gap-default\">\n\t\t\t\t\t<div class=\"elementor-column elementor-col-16 elementor-top-column elementor-element elementor-element-7333688\" data-id=\"7333688\" data-element_type=\"column\" data-e-type=\"column\">\n\t\t\t<div class=\"elementor-widget-wrap\">\n\t\t\t\t\t\t\t<\/div>\n\t\t<\/div>\n\t\t\t\t<div class=\"elementor-column elementor-col-66 elementor-top-column elementor-element elementor-element-91400cf\" data-id=\"91400cf\" data-element_type=\"column\" data-e-type=\"column\">\n\t\t\t<div class=\"elementor-widget-wrap elementor-element-populated\">\n\t\t\t\t\t\t<div class=\"elementor-element elementor-element-49bf310 elementor-widget elementor-widget-text-editor\" data-id=\"49bf310\" data-element_type=\"widget\" data-e-type=\"widget\" data-widget_type=\"text-editor.default\">\n\t\t\t\t<div class=\"elementor-widget-container\">\n\t\t\t\t\t\t\t\t\t<p>Esta habitaci\u00f3n cuenta con dos camas individuales, suelo de baldosa y colores pastel. Dentro de la habitaci\u00f3n encontrar\u00e1s un lavabo, un ventilador y una TV. El ba\u00f1o es compartido<\/p>\t\t\t\t\t\t\t\t<\/div>\n\t\t\t\t<\/div>\n\t\t\t\t\t<\/div>\n\t\t<\/div>\n\t\t\t\t<div class=\"elementor-column elementor-col-16 elementor-top-column elementor-element elementor-element-e3b9977\" data-id=\"e3b9977\" data-element_type=\"column\" data-e-type=\"column\">\n\t\t\t<div class=\"elementor-widget-wrap\">\n\t\t\t\t\t\t\t<\/div>\n\t\t<\/div>\n\t\t\t\t\t<\/div>\n\t\t<\/section>\n\t\t\t\t<section class=\"elementor-section elementor-top-section elementor-element elementor-element-4a210711 elementor-section-boxed elementor-section-height-default elementor-section-height-default\" data-id=\"4a210711\" data-element_type=\"section\" data-e-type=\"section\" data-settings=\"{&quot;background_background&quot;:&quot;classic&quot;}\">\n\t\t\t\t\t\t<div class=\"elementor-container elementor-column-gap-default\">\n\t\t\t\t\t<div class=\"elementor-column elementor-col-100 elementor-top-column elementor-element elementor-element-14e25603\" data-id=\"14e25603\" data-element_type=\"column\" data-e-type=\"column\">\n\t\t\t<div class=\"elementor-widget-wrap elementor-element-populated\">\n\t\t\t\t\t\t<section class=\"elementor-section elementor-inner-section elementor-element elementor-element-18bc1407 elementor-section-boxed elementor-section-height-default elementor-section-height-default\" data-id=\"18bc1407\" data-element_type=\"section\" data-e-type=\"section\">\n\t\t\t\t\t\t<div class=\"elementor-container elementor-column-gap-default\">\n\t\t\t\t\t<div class=\"elementor-column elementor-col-50 elementor-inner-column elementor-element elementor-element-3b7b2517\" data-id=\"3b7b2517\" data-element_type=\"column\" data-e-type=\"column\">\n\t\t\t<div class=\"elementor-widget-wrap elementor-element-populated\">\n\t\t\t\t\t\t<div class=\"elementor-element elementor-element-2825063c elementor-widget elementor-widget-image\" data-id=\"2825063c\" data-element_type=\"widget\" data-e-type=\"widget\" data-widget_type=\"image.default\">\n\t\t\t\t<div class=\"elementor-widget-container\">\n\t\t\t\t\t\t\t\t\t\t\t\t\t\t\t<img loading=\"lazy\" decoding=\"async\" data-attachment-id=\"556\" data-permalink=\"https:\/\/www.pensionespana.es\/web\/double-room-with-twin-beds-pension-espana\/\" data-orig-file=\"https:\/\/www.pensionespana.es\/web\/wp-content\/uploads\/2022\/10\/double-room-with-twin-beds-pension-espana-scaled.jpeg\" data-orig-size=\"2560,1920\" data-comments-opened=\"1\" data-image-meta=\"{&quot;aperture&quot;:&quot;0&quot;,&quot;credit&quot;:&quot;&quot;,&quot;camera&quot;:&quot;&quot;,&quot;caption&quot;:&quot;&quot;,&quot;created_timestamp&quot;:&quot;1666267110&quot;,&quot;copyright&quot;:&quot;&quot;,&quot;focal_length&quot;:&quot;0&quot;,&quot;iso&quot;:&quot;0&quot;,&quot;shutter_speed&quot;:&quot;0&quot;,&quot;title&quot;:&quot;&quot;,&quot;orientation&quot;:&quot;1&quot;}\" data-image-title=\"double room with twin beds pension espa\u00f1a\" data-image-description=\"\" data-image-caption=\"\" data-large-file=\"https:\/\/www.pensionespana.es\/web\/wp-content\/uploads\/2022\/10\/double-room-with-twin-beds-pension-espana-1024x768.jpeg\" width=\"768\" height=\"576\" src=\"https:\/\/www.pensionespana.es\/web\/wp-content\/uploads\/2022\/10\/double-room-with-twin-beds-pension-espana-768x576.jpeg\" class=\"attachment-medium_large size-medium_large wp-image-556\" alt=\"Habitaci\u00f3n doble con dos camas\" srcset=\"https:\/\/www.pensionespana.es\/web\/wp-content\/uploads\/2022\/10\/double-room-with-twin-beds-pension-espana-768x576.jpeg 768w, https:\/\/www.pensionespana.es\/web\/wp-content\/uploads\/2022\/10\/double-room-with-twin-beds-pension-espana-300x225.jpeg 300w, https:\/\/www.pensionespana.es\/web\/wp-content\/uploads\/2022\/10\/double-room-with-twin-beds-pension-espana-1024x768.jpeg 1024w, https:\/\/www.pensionespana.es\/web\/wp-content\/uploads\/2022\/10\/double-room-with-twin-beds-pension-espana-1536x1152.jpeg 1536w, https:\/\/www.pensionespana.es\/web\/wp-content\/uploads\/2022\/10\/double-room-with-twin-beds-pension-espana-2048x1536.jpeg 2048w\" sizes=\"(max-width: 768px) 100vw, 768px\" data-attachment-id=\"556\" data-permalink=\"https:\/\/www.pensionespana.es\/web\/double-room-with-twin-beds-pension-espana\/\" data-orig-file=\"https:\/\/www.pensionespana.es\/web\/wp-content\/uploads\/2022\/10\/double-room-with-twin-beds-pension-espana-scaled.jpeg\" data-orig-size=\"2560,1920\" data-comments-opened=\"1\" data-image-meta=\"{&quot;aperture&quot;:&quot;0&quot;,&quot;credit&quot;:&quot;&quot;,&quot;camera&quot;:&quot;&quot;,&quot;caption&quot;:&quot;&quot;,&quot;created_timestamp&quot;:&quot;1666267110&quot;,&quot;copyright&quot;:&quot;&quot;,&quot;focal_length&quot;:&quot;0&quot;,&quot;iso&quot;:&quot;0&quot;,&quot;shutter_speed&quot;:&quot;0&quot;,&quot;title&quot;:&quot;&quot;,&quot;orientation&quot;:&quot;1&quot;}\" data-image-title=\"double room with twin beds pension espa\u00f1a\" data-image-description=\"\" data-image-caption=\"\" data-large-file=\"https:\/\/www.pensionespana.es\/web\/wp-content\/uploads\/2022\/10\/double-room-with-twin-beds-pension-espana-1024x768.jpeg\" \/>\t\t\t\t\t\t\t\t\t\t\t\t\t\t\t<\/div>\n\t\t\t\t<\/div>\n\t\t\t\t\t<\/div>\n\t\t<\/div>\n\t\t\t\t<div class=\"elementor-column elementor-col-50 elementor-inner-column elementor-element elementor-element-366c806b\" data-id=\"366c806b\" data-element_type=\"column\" data-e-type=\"column\">\n\t\t\t<div class=\"elementor-widget-wrap elementor-element-populated\">\n\t\t\t\t\t\t<div class=\"elementor-element elementor-element-9e5990a elementor-widget elementor-widget-image\" data-id=\"9e5990a\" data-element_type=\"widget\" data-e-type=\"widget\" data-widget_type=\"image.default\">\n\t\t\t\t<div class=\"elementor-widget-container\">\n\t\t\t\t\t\t\t\t\t\t\t\t\t\t\t<img loading=\"lazy\" decoding=\"async\" data-attachment-id=\"557\" data-permalink=\"https:\/\/www.pensionespana.es\/web\/habitacion-doble-con-dos-camas-pension-espana\/\" data-orig-file=\"https:\/\/www.pensionespana.es\/web\/wp-content\/uploads\/2022\/10\/habitacion-doble-con-dos-camas-pension-espana-scaled.jpeg\" data-orig-size=\"2560,1920\" data-comments-opened=\"1\" data-image-meta=\"{&quot;aperture&quot;:&quot;0&quot;,&quot;credit&quot;:&quot;&quot;,&quot;camera&quot;:&quot;&quot;,&quot;caption&quot;:&quot;&quot;,&quot;created_timestamp&quot;:&quot;1666267110&quot;,&quot;copyright&quot;:&quot;&quot;,&quot;focal_length&quot;:&quot;0&quot;,&quot;iso&quot;:&quot;0&quot;,&quot;shutter_speed&quot;:&quot;0&quot;,&quot;title&quot;:&quot;&quot;,&quot;orientation&quot;:&quot;1&quot;}\" data-image-title=\"habitacion doble con dos camas pension espa\u00f1a\" data-image-description=\"\" data-image-caption=\"\" data-large-file=\"https:\/\/www.pensionespana.es\/web\/wp-content\/uploads\/2022\/10\/habitacion-doble-con-dos-camas-pension-espana-1024x768.jpeg\" width=\"768\" height=\"576\" src=\"https:\/\/www.pensionespana.es\/web\/wp-content\/uploads\/2022\/10\/habitacion-doble-con-dos-camas-pension-espana-768x576.jpeg\" class=\"attachment-medium_large size-medium_large wp-image-557\" alt=\"Habitaci\u00f3n doble con dos camas\" srcset=\"https:\/\/www.pensionespana.es\/web\/wp-content\/uploads\/2022\/10\/habitacion-doble-con-dos-camas-pension-espana-768x576.jpeg 768w, https:\/\/www.pensionespana.es\/web\/wp-content\/uploads\/2022\/10\/habitacion-doble-con-dos-camas-pension-espana-300x225.jpeg 300w, https:\/\/www.pensionespana.es\/web\/wp-content\/uploads\/2022\/10\/habitacion-doble-con-dos-camas-pension-espana-1024x768.jpeg 1024w, https:\/\/www.pensionespana.es\/web\/wp-content\/uploads\/2022\/10\/habitacion-doble-con-dos-camas-pension-espana-1536x1152.jpeg 1536w, https:\/\/www.pensionespana.es\/web\/wp-content\/uploads\/2022\/10\/habitacion-doble-con-dos-camas-pension-espana-2048x1536.jpeg 2048w\" sizes=\"(max-width: 768px) 100vw, 768px\" data-attachment-id=\"557\" data-permalink=\"https:\/\/www.pensionespana.es\/web\/habitacion-doble-con-dos-camas-pension-espana\/\" data-orig-file=\"https:\/\/www.pensionespana.es\/web\/wp-content\/uploads\/2022\/10\/habitacion-doble-con-dos-camas-pension-espana-scaled.jpeg\" data-orig-size=\"2560,1920\" data-comments-opened=\"1\" data-image-meta=\"{&quot;aperture&quot;:&quot;0&quot;,&quot;credit&quot;:&quot;&quot;,&quot;camera&quot;:&quot;&quot;,&quot;caption&quot;:&quot;&quot;,&quot;created_timestamp&quot;:&quot;1666267110&quot;,&quot;copyright&quot;:&quot;&quot;,&quot;focal_length&quot;:&quot;0&quot;,&quot;iso&quot;:&quot;0&quot;,&quot;shutter_speed&quot;:&quot;0&quot;,&quot;title&quot;:&quot;&quot;,&quot;orientation&quot;:&quot;1&quot;}\" data-image-title=\"habitacion doble con dos camas pension espa\u00f1a\" data-image-description=\"\" data-image-caption=\"\" data-large-file=\"https:\/\/www.pensionespana.es\/web\/wp-content\/uploads\/2022\/10\/habitacion-doble-con-dos-camas-pension-espana-1024x768.jpeg\" \/>\t\t\t\t\t\t\t\t\t\t\t\t\t\t\t<\/div>\n\t\t\t\t<\/div>\n\t\t\t\t\t<\/div>\n\t\t<\/div>\n\t\t\t\t\t<\/div>\n\t\t<\/section>\n\t\t\t\t\t<\/div>\n\t\t<\/div>\n\t\t\t\t\t<\/div>\n\t\t<\/section>\n\t\t\t\t<section class=\"elementor-section elementor-top-section elementor-element elementor-element-1835ae3 elementor-section-boxed elementor-section-height-default elementor-section-height-default\" data-id=\"1835ae3\" data-element_type=\"section\" data-e-type=\"section\" data-settings=\"{&quot;background_background&quot;:&quot;classic&quot;}\">\n\t\t\t\t\t\t<div class=\"elementor-container elementor-column-gap-default\">\n\t\t\t\t\t<div class=\"elementor-column elementor-col-16 elementor-top-column elementor-element elementor-element-05d1498\" data-id=\"05d1498\" data-element_type=\"column\" data-e-type=\"column\">\n\t\t\t<div class=\"elementor-widget-wrap\">\n\t\t\t\t\t\t\t<\/div>\n\t\t<\/div>\n\t\t\t\t<div class=\"elementor-column elementor-col-66 elementor-top-column elementor-element elementor-element-755c696\" data-id=\"755c696\" data-element_type=\"column\" data-e-type=\"column\">\n\t\t\t<div class=\"elementor-widget-wrap elementor-element-populated\">\n\t\t\t\t\t\t<div class=\"elementor-element elementor-element-5ef8651 elementor-widget elementor-widget-heading\" data-id=\"5ef8651\" data-element_type=\"widget\" data-e-type=\"widget\" data-widget_type=\"heading.default\">\n\t\t\t\t<div class=\"elementor-widget-container\">\n\t\t\t\t\t<h3 class=\"elementor-heading-title elementor-size-default\">Doble con ba\u00f1o compartido - cama de matrimonio<\/h3>\t\t\t\t<\/div>\n\t\t\t\t<\/div>\n\t\t\t\t\t<\/div>\n\t\t<\/div>\n\t\t\t\t<div class=\"elementor-column elementor-col-16 elementor-top-column elementor-element elementor-element-ffe16d2\" data-id=\"ffe16d2\" data-element_type=\"column\" data-e-type=\"column\">\n\t\t\t<div class=\"elementor-widget-wrap\">\n\t\t\t\t\t\t\t<\/div>\n\t\t<\/div>\n\t\t\t\t\t<\/div>\n\t\t<\/section>\n\t\t\t\t<section class=\"elementor-section elementor-top-section elementor-element elementor-element-40b9ad6 elementor-section-boxed elementor-section-height-default elementor-section-height-default\" data-id=\"40b9ad6\" data-element_type=\"section\" data-e-type=\"section\" data-settings=\"{&quot;background_background&quot;:&quot;classic&quot;}\">\n\t\t\t\t\t\t<div class=\"elementor-container elementor-column-gap-default\">\n\t\t\t\t\t<div class=\"elementor-column elementor-col-16 elementor-top-column elementor-element elementor-element-c36a03f\" data-id=\"c36a03f\" data-element_type=\"column\" data-e-type=\"column\">\n\t\t\t<div class=\"elementor-widget-wrap\">\n\t\t\t\t\t\t\t<\/div>\n\t\t<\/div>\n\t\t\t\t<div class=\"elementor-column elementor-col-66 elementor-top-column elementor-element elementor-element-848f4e9\" data-id=\"848f4e9\" data-element_type=\"column\" data-e-type=\"column\">\n\t\t\t<div class=\"elementor-widget-wrap elementor-element-populated\">\n\t\t\t\t\t\t<div class=\"elementor-element elementor-element-5bfb498 elementor-widget elementor-widget-text-editor\" data-id=\"5bfb498\" data-element_type=\"widget\" data-e-type=\"widget\" data-widget_type=\"text-editor.default\">\n\t\t\t\t<div class=\"elementor-widget-container\">\n\t\t\t\t\t\t\t\t\t<p><span style=\"background-color: rgba(255, 255, 255, 0); color: var( --e-global-color-nvtextcolor ); font-family: var(--bodyfontfamily),var(--nv-fallback-ff); font-size: var(--bodyfontsize); font-weight: var(--bodyfontweight); letter-spacing: var(--bodyletterspacing); text-transform: var(--bodytexttransform);\">Esta habitaci\u00f3n cuenta con una cama de matrimonio, suelo de baldosa y colores pastel. Dentro de la habitaci\u00f3n encontrar\u00e1s un lavabo, un ventilador y una TV. El ba\u00f1o es compartido.<\/span><\/p>\t\t\t\t\t\t\t\t<\/div>\n\t\t\t\t<\/div>\n\t\t\t\t\t<\/div>\n\t\t<\/div>\n\t\t\t\t<div class=\"elementor-column elementor-col-16 elementor-top-column elementor-element elementor-element-de65a24\" data-id=\"de65a24\" data-element_type=\"column\" data-e-type=\"column\">\n\t\t\t<div class=\"elementor-widget-wrap\">\n\t\t\t\t\t\t\t<\/div>\n\t\t<\/div>\n\t\t\t\t\t<\/div>\n\t\t<\/section>\n\t\t\t\t<section class=\"elementor-section elementor-top-section elementor-element elementor-element-71d7b5bf elementor-section-boxed elementor-section-height-default elementor-section-height-default\" data-id=\"71d7b5bf\" data-element_type=\"section\" data-e-type=\"section\" data-settings=\"{&quot;background_background&quot;:&quot;classic&quot;}\">\n\t\t\t\t\t\t\t<div class=\"elementor-background-overlay\"><\/div>\n\t\t\t\t\t\t\t<div class=\"elementor-container elementor-column-gap-default\">\n\t\t\t\t\t<div class=\"elementor-column elementor-col-100 elementor-top-column elementor-element elementor-element-522c092d\" data-id=\"522c092d\" data-element_type=\"column\" data-e-type=\"column\">\n\t\t\t<div class=\"elementor-widget-wrap elementor-element-populated\">\n\t\t\t\t\t\t<section class=\"elementor-section elementor-inner-section elementor-element elementor-element-5866367c elementor-section-boxed elementor-section-height-default elementor-section-height-default\" data-id=\"5866367c\" data-element_type=\"section\" data-e-type=\"section\">\n\t\t\t\t\t\t<div class=\"elementor-container elementor-column-gap-default\">\n\t\t\t\t\t<div class=\"elementor-column elementor-col-33 elementor-inner-column elementor-element elementor-element-47b7ede\" data-id=\"47b7ede\" data-element_type=\"column\" data-e-type=\"column\">\n\t\t\t<div class=\"elementor-widget-wrap\">\n\t\t\t\t\t\t\t<\/div>\n\t\t<\/div>\n\t\t\t\t<div class=\"elementor-column elementor-col-33 elementor-inner-column elementor-element elementor-element-4ff7f3c\" data-id=\"4ff7f3c\" data-element_type=\"column\" data-e-type=\"column\">\n\t\t\t<div class=\"elementor-widget-wrap\">\n\t\t\t\t\t\t\t<\/div>\n\t\t<\/div>\n\t\t\t\t<div class=\"elementor-column elementor-col-33 elementor-inner-column elementor-element elementor-element-679216d\" data-id=\"679216d\" data-element_type=\"column\" data-e-type=\"column\">\n\t\t\t<div class=\"elementor-widget-wrap\">\n\t\t\t\t\t\t\t<\/div>\n\t\t<\/div>\n\t\t\t\t\t<\/div>\n\t\t<\/section>\n\t\t\t\t<div class=\"elementor-element elementor-element-68bb7ad2 elementor-widget elementor-widget-image\" data-id=\"68bb7ad2\" data-element_type=\"widget\" data-e-type=\"widget\" data-widget_type=\"image.default\">\n\t\t\t\t<div class=\"elementor-widget-container\">\n\t\t\t\t\t\t\t\t\t\t\t\t\t\t\t<img loading=\"lazy\" decoding=\"async\" data-attachment-id=\"559\" data-permalink=\"https:\/\/www.pensionespana.es\/web\/habitacion-doble-con-bano-compartido-cadiz\/\" data-orig-file=\"https:\/\/www.pensionespana.es\/web\/wp-content\/uploads\/2022\/10\/habitacion-doble-con-bano-compartido-cadiz-scaled.jpg\" data-orig-size=\"2560,1920\" data-comments-opened=\"1\" data-image-meta=\"{&quot;aperture&quot;:&quot;2.4&quot;,&quot;credit&quot;:&quot;&quot;,&quot;camera&quot;:&quot;iPhone 11&quot;,&quot;caption&quot;:&quot;&quot;,&quot;created_timestamp&quot;:&quot;1665057209&quot;,&quot;copyright&quot;:&quot;&quot;,&quot;focal_length&quot;:&quot;1.54&quot;,&quot;iso&quot;:&quot;160&quot;,&quot;shutter_speed&quot;:&quot;0.02&quot;,&quot;title&quot;:&quot;&quot;,&quot;orientation&quot;:&quot;1&quot;}\" data-image-title=\"habitaci\u00f3n doble con ba\u00f1o compartido cadiz\" data-image-description=\"\" data-image-caption=\"&lt;p&gt;Habitaci\u00f3n doble con cama de matrimonio y ba\u00f1o compartido.&lt;\/p&gt;\n\" data-large-file=\"https:\/\/www.pensionespana.es\/web\/wp-content\/uploads\/2022\/10\/habitacion-doble-con-bano-compartido-cadiz-1024x768.jpg\" width=\"768\" height=\"576\" src=\"https:\/\/www.pensionespana.es\/web\/wp-content\/uploads\/2022\/10\/habitacion-doble-con-bano-compartido-cadiz-768x576.jpg\" class=\"attachment-medium_large size-medium_large wp-image-559\" alt=\"Habitaci\u00f3n doble con cama de matrimonio\" srcset=\"https:\/\/www.pensionespana.es\/web\/wp-content\/uploads\/2022\/10\/habitacion-doble-con-bano-compartido-cadiz-768x576.jpg 768w, https:\/\/www.pensionespana.es\/web\/wp-content\/uploads\/2022\/10\/habitacion-doble-con-bano-compartido-cadiz-300x225.jpg 300w, https:\/\/www.pensionespana.es\/web\/wp-content\/uploads\/2022\/10\/habitacion-doble-con-bano-compartido-cadiz-1024x768.jpg 1024w, https:\/\/www.pensionespana.es\/web\/wp-content\/uploads\/2022\/10\/habitacion-doble-con-bano-compartido-cadiz-1536x1152.jpg 1536w, https:\/\/www.pensionespana.es\/web\/wp-content\/uploads\/2022\/10\/habitacion-doble-con-bano-compartido-cadiz-2048x1536.jpg 2048w\" sizes=\"(max-width: 768px) 100vw, 768px\" data-attachment-id=\"559\" data-permalink=\"https:\/\/www.pensionespana.es\/web\/habitacion-doble-con-bano-compartido-cadiz\/\" data-orig-file=\"https:\/\/www.pensionespana.es\/web\/wp-content\/uploads\/2022\/10\/habitacion-doble-con-bano-compartido-cadiz-scaled.jpg\" data-orig-size=\"2560,1920\" data-comments-opened=\"1\" data-image-meta=\"{&quot;aperture&quot;:&quot;2.4&quot;,&quot;credit&quot;:&quot;&quot;,&quot;camera&quot;:&quot;iPhone 11&quot;,&quot;caption&quot;:&quot;&quot;,&quot;created_timestamp&quot;:&quot;1665057209&quot;,&quot;copyright&quot;:&quot;&quot;,&quot;focal_length&quot;:&quot;1.54&quot;,&quot;iso&quot;:&quot;160&quot;,&quot;shutter_speed&quot;:&quot;0.02&quot;,&quot;title&quot;:&quot;&quot;,&quot;orientation&quot;:&quot;1&quot;}\" data-image-title=\"habitaci\u00f3n doble con ba\u00f1o compartido cadiz\" data-image-description=\"\" data-image-caption=\"&lt;p&gt;Habitaci\u00f3n doble con cama de matrimonio y ba\u00f1o compartido.&lt;\/p&gt;\n\" data-large-file=\"https:\/\/www.pensionespana.es\/web\/wp-content\/uploads\/2022\/10\/habitacion-doble-con-bano-compartido-cadiz-1024x768.jpg\" \/>\t\t\t\t\t\t\t\t\t\t\t\t\t\t\t<\/div>\n\t\t\t\t<\/div>\n\t\t\t\t<section class=\"elementor-section elementor-inner-section elementor-element elementor-element-1ec7fbbe elementor-section-boxed elementor-section-height-default elementor-section-height-default\" data-id=\"1ec7fbbe\" data-element_type=\"section\" data-e-type=\"section\">\n\t\t\t\t\t\t<div class=\"elementor-container elementor-column-gap-default\">\n\t\t\t\t\t<div class=\"elementor-column elementor-col-50 elementor-inner-column elementor-element elementor-element-71c84352\" data-id=\"71c84352\" data-element_type=\"column\" data-e-type=\"column\">\n\t\t\t<div class=\"elementor-widget-wrap\">\n\t\t\t\t\t\t\t<\/div>\n\t\t<\/div>\n\t\t\t\t<div class=\"elementor-column elementor-col-50 elementor-inner-column elementor-element elementor-element-187835ab\" data-id=\"187835ab\" data-element_type=\"column\" data-e-type=\"column\">\n\t\t\t<div class=\"elementor-widget-wrap\">\n\t\t\t\t\t\t\t<\/div>\n\t\t<\/div>\n\t\t\t\t\t<\/div>\n\t\t<\/section>\n\t\t\t\t<section class=\"elementor-section elementor-inner-section elementor-element elementor-element-177e002 elementor-section-boxed elementor-section-height-default elementor-section-height-default\" data-id=\"177e002\" data-element_type=\"section\" data-e-type=\"section\">\n\t\t\t\t\t\t<div class=\"elementor-container elementor-column-gap-default\">\n\t\t\t\t\t<div class=\"elementor-column elementor-col-50 elementor-inner-column elementor-element elementor-element-aaee431\" data-id=\"aaee431\" data-element_type=\"column\" data-e-type=\"column\">\n\t\t\t<div class=\"elementor-widget-wrap elementor-element-populated\">\n\t\t\t\t\t\t<div class=\"elementor-element elementor-element-27bd4ef6 elementor-widget elementor-widget-image\" data-id=\"27bd4ef6\" data-element_type=\"widget\" data-e-type=\"widget\" data-widget_type=\"image.default\">\n\t\t\t\t<div class=\"elementor-widget-container\">\n\t\t\t\t\t\t\t\t\t\t\t\t\t\t\t<img loading=\"lazy\" decoding=\"async\" data-attachment-id=\"558\" data-permalink=\"https:\/\/www.pensionespana.es\/web\/double-room-with-shared-bathroom-pension-espana\/\" data-orig-file=\"https:\/\/www.pensionespana.es\/web\/wp-content\/uploads\/2022\/10\/double-room-with-shared-bathroom-pension-espana-scaled.jpg\" data-orig-size=\"2560,1920\" data-comments-opened=\"1\" data-image-meta=\"{&quot;aperture&quot;:&quot;2.4&quot;,&quot;credit&quot;:&quot;&quot;,&quot;camera&quot;:&quot;iPhone 11&quot;,&quot;caption&quot;:&quot;&quot;,&quot;created_timestamp&quot;:&quot;1665057123&quot;,&quot;copyright&quot;:&quot;&quot;,&quot;focal_length&quot;:&quot;1.54&quot;,&quot;iso&quot;:&quot;400&quot;,&quot;shutter_speed&quot;:&quot;0.02&quot;,&quot;title&quot;:&quot;&quot;,&quot;orientation&quot;:&quot;1&quot;}\" data-image-title=\"double room with shared bathroom pension espa\u00f1a\" data-image-description=\"\" data-image-caption=\"&lt;p&gt;Habitaci\u00f3n doble con cama de matrimonio y ba\u00f1o compartido.&lt;\/p&gt;\n\" data-large-file=\"https:\/\/www.pensionespana.es\/web\/wp-content\/uploads\/2022\/10\/double-room-with-shared-bathroom-pension-espana-1024x768.jpg\" width=\"768\" height=\"576\" src=\"https:\/\/www.pensionespana.es\/web\/wp-content\/uploads\/2022\/10\/double-room-with-shared-bathroom-pension-espana-768x576.jpg\" class=\"attachment-medium_large size-medium_large wp-image-558\" alt=\"Habitaci\u00f3n doble con cama de matrimonio\" srcset=\"https:\/\/www.pensionespana.es\/web\/wp-content\/uploads\/2022\/10\/double-room-with-shared-bathroom-pension-espana-768x576.jpg 768w, https:\/\/www.pensionespana.es\/web\/wp-content\/uploads\/2022\/10\/double-room-with-shared-bathroom-pension-espana-300x225.jpg 300w, https:\/\/www.pensionespana.es\/web\/wp-content\/uploads\/2022\/10\/double-room-with-shared-bathroom-pension-espana-1024x768.jpg 1024w, https:\/\/www.pensionespana.es\/web\/wp-content\/uploads\/2022\/10\/double-room-with-shared-bathroom-pension-espana-1536x1152.jpg 1536w, https:\/\/www.pensionespana.es\/web\/wp-content\/uploads\/2022\/10\/double-room-with-shared-bathroom-pension-espana-2048x1536.jpg 2048w\" sizes=\"(max-width: 768px) 100vw, 768px\" data-attachment-id=\"558\" data-permalink=\"https:\/\/www.pensionespana.es\/web\/double-room-with-shared-bathroom-pension-espana\/\" data-orig-file=\"https:\/\/www.pensionespana.es\/web\/wp-content\/uploads\/2022\/10\/double-room-with-shared-bathroom-pension-espana-scaled.jpg\" data-orig-size=\"2560,1920\" data-comments-opened=\"1\" data-image-meta=\"{&quot;aperture&quot;:&quot;2.4&quot;,&quot;credit&quot;:&quot;&quot;,&quot;camera&quot;:&quot;iPhone 11&quot;,&quot;caption&quot;:&quot;&quot;,&quot;created_timestamp&quot;:&quot;1665057123&quot;,&quot;copyright&quot;:&quot;&quot;,&quot;focal_length&quot;:&quot;1.54&quot;,&quot;iso&quot;:&quot;400&quot;,&quot;shutter_speed&quot;:&quot;0.02&quot;,&quot;title&quot;:&quot;&quot;,&quot;orientation&quot;:&quot;1&quot;}\" data-image-title=\"double room with shared bathroom pension espa\u00f1a\" data-image-description=\"\" data-image-caption=\"&lt;p&gt;Habitaci\u00f3n doble con cama de matrimonio y ba\u00f1o compartido.&lt;\/p&gt;\n\" data-large-file=\"https:\/\/www.pensionespana.es\/web\/wp-content\/uploads\/2022\/10\/double-room-with-shared-bathroom-pension-espana-1024x768.jpg\" \/>\t\t\t\t\t\t\t\t\t\t\t\t\t\t\t<\/div>\n\t\t\t\t<\/div>\n\t\t\t\t\t<\/div>\n\t\t<\/div>\n\t\t\t\t<div class=\"elementor-column elementor-col-50 elementor-inner-column elementor-element elementor-element-67a370a\" data-id=\"67a370a\" data-element_type=\"column\" data-e-type=\"column\">\n\t\t\t<div class=\"elementor-widget-wrap elementor-element-populated\">\n\t\t\t\t\t\t<div class=\"elementor-element elementor-element-fb27448 elementor-widget elementor-widget-image\" data-id=\"fb27448\" data-element_type=\"widget\" data-e-type=\"widget\" data-widget_type=\"image.default\">\n\t\t\t\t<div class=\"elementor-widget-container\">\n\t\t\t\t\t\t\t\t\t\t\t\t\t\t\t<img loading=\"lazy\" decoding=\"async\" data-attachment-id=\"560\" data-permalink=\"https:\/\/www.pensionespana.es\/web\/habitacion-doble-con-bano-compartido-pension-espana\/\" data-orig-file=\"https:\/\/www.pensionespana.es\/web\/wp-content\/uploads\/2022\/10\/habitacion-doble-con-bano-compartido-pension-espana-scaled.jpg\" data-orig-size=\"2560,1920\" data-comments-opened=\"1\" data-image-meta=\"{&quot;aperture&quot;:&quot;2.4&quot;,&quot;credit&quot;:&quot;&quot;,&quot;camera&quot;:&quot;iPhone 11&quot;,&quot;caption&quot;:&quot;&quot;,&quot;created_timestamp&quot;:&quot;1665057091&quot;,&quot;copyright&quot;:&quot;&quot;,&quot;focal_length&quot;:&quot;1.54&quot;,&quot;iso&quot;:&quot;250&quot;,&quot;shutter_speed&quot;:&quot;0.02&quot;,&quot;title&quot;:&quot;&quot;,&quot;orientation&quot;:&quot;1&quot;}\" data-image-title=\"habitacion doble con ba\u00f1o compartido pension espa\u00f1a\" data-image-description=\"\" data-image-caption=\"&lt;p&gt;Habitaci\u00f3n doble con cama de matrimonio y ba\u00f1o compartido.&lt;\/p&gt;\n\" data-large-file=\"https:\/\/www.pensionespana.es\/web\/wp-content\/uploads\/2022\/10\/habitacion-doble-con-bano-compartido-pension-espana-1024x768.jpg\" width=\"768\" height=\"576\" src=\"https:\/\/www.pensionespana.es\/web\/wp-content\/uploads\/2022\/10\/habitacion-doble-con-bano-compartido-pension-espana-768x576.jpg\" class=\"attachment-medium_large size-medium_large wp-image-560\" alt=\"Habitaci\u00f3n doble con cama de matrimonio\" srcset=\"https:\/\/www.pensionespana.es\/web\/wp-content\/uploads\/2022\/10\/habitacion-doble-con-bano-compartido-pension-espana-768x576.jpg 768w, https:\/\/www.pensionespana.es\/web\/wp-content\/uploads\/2022\/10\/habitacion-doble-con-bano-compartido-pension-espana-300x225.jpg 300w, https:\/\/www.pensionespana.es\/web\/wp-content\/uploads\/2022\/10\/habitacion-doble-con-bano-compartido-pension-espana-1024x768.jpg 1024w, https:\/\/www.pensionespana.es\/web\/wp-content\/uploads\/2022\/10\/habitacion-doble-con-bano-compartido-pension-espana-1536x1152.jpg 1536w, https:\/\/www.pensionespana.es\/web\/wp-content\/uploads\/2022\/10\/habitacion-doble-con-bano-compartido-pension-espana-2048x1536.jpg 2048w\" sizes=\"(max-width: 768px) 100vw, 768px\" data-attachment-id=\"560\" data-permalink=\"https:\/\/www.pensionespana.es\/web\/habitacion-doble-con-bano-compartido-pension-espana\/\" data-orig-file=\"https:\/\/www.pensionespana.es\/web\/wp-content\/uploads\/2022\/10\/habitacion-doble-con-bano-compartido-pension-espana-scaled.jpg\" data-orig-size=\"2560,1920\" data-comments-opened=\"1\" data-image-meta=\"{&quot;aperture&quot;:&quot;2.4&quot;,&quot;credit&quot;:&quot;&quot;,&quot;camera&quot;:&quot;iPhone 11&quot;,&quot;caption&quot;:&quot;&quot;,&quot;created_timestamp&quot;:&quot;1665057091&quot;,&quot;copyright&quot;:&quot;&quot;,&quot;focal_length&quot;:&quot;1.54&quot;,&quot;iso&quot;:&quot;250&quot;,&quot;shutter_speed&quot;:&quot;0.02&quot;,&quot;title&quot;:&quot;&quot;,&quot;orientation&quot;:&quot;1&quot;}\" data-image-title=\"habitacion doble con ba\u00f1o compartido pension espa\u00f1a\" data-image-description=\"\" data-image-caption=\"&lt;p&gt;Habitaci\u00f3n doble con cama de matrimonio y ba\u00f1o compartido.&lt;\/p&gt;\n\" data-large-file=\"https:\/\/www.pensionespana.es\/web\/wp-content\/uploads\/2022\/10\/habitacion-doble-con-bano-compartido-pension-espana-1024x768.jpg\" \/>\t\t\t\t\t\t\t\t\t\t\t\t\t\t\t<\/div>\n\t\t\t\t<\/div>\n\t\t\t\t\t<\/div>\n\t\t<\/div>\n\t\t\t\t\t<\/div>\n\t\t<\/section>\n\t\t\t\t\t<\/div>\n\t\t<\/div>\n\t\t\t\t\t<\/div>\n\t\t<\/section>\n\t\t\t\t<section class=\"elementor-section elementor-top-section elementor-element elementor-element-2cd7036 elementor-section-boxed elementor-section-height-default elementor-section-height-default\" data-id=\"2cd7036\" data-element_type=\"section\" data-e-type=\"section\" data-settings=\"{&quot;background_background&quot;:&quot;classic&quot;}\">\n\t\t\t\t\t\t<div class=\"elementor-container elementor-column-gap-default\">\n\t\t\t\t\t<div class=\"elementor-column elementor-col-100 elementor-top-column elementor-element elementor-element-3591779\" data-id=\"3591779\" data-element_type=\"column\" data-e-type=\"column\">\n\t\t\t<div class=\"elementor-widget-wrap elementor-element-populated\">\n\t\t\t\t\t\t<div class=\"elementor-element elementor-element-fa994b6 elementor-widget elementor-widget-heading\" data-id=\"fa994b6\" data-element_type=\"widget\" data-e-type=\"widget\" data-widget_type=\"heading.default\">\n\t\t\t\t<div class=\"elementor-widget-container\">\n\t\t\t\t\t<h3 class=\"elementor-heading-title elementor-size-default\">Doble econ\u00f3mica con ba\u00f1o privado<\/h3>\t\t\t\t<\/div>\n\t\t\t\t<\/div>\n\t\t\t\t\t<\/div>\n\t\t<\/div>\n\t\t\t\t\t<\/div>\n\t\t<\/section>\n\t\t\t\t<section class=\"elementor-section elementor-top-section elementor-element elementor-element-1e3049e elementor-section-boxed elementor-section-height-default elementor-section-height-default\" data-id=\"1e3049e\" data-element_type=\"section\" data-e-type=\"section\" data-settings=\"{&quot;background_background&quot;:&quot;classic&quot;}\">\n\t\t\t\t\t\t<div class=\"elementor-container elementor-column-gap-default\">\n\t\t\t\t\t<div class=\"elementor-column elementor-col-100 elementor-top-column elementor-element elementor-element-d4561db\" data-id=\"d4561db\" data-element_type=\"column\" data-e-type=\"column\">\n\t\t\t<div class=\"elementor-widget-wrap elementor-element-populated\">\n\t\t\t\t\t\t<div class=\"elementor-element elementor-element-4cfb7e9 elementor-widget elementor-widget-text-editor\" data-id=\"4cfb7e9\" data-element_type=\"widget\" data-e-type=\"widget\" data-widget_type=\"text-editor.default\">\n\t\t\t\t<div class=\"elementor-widget-container\">\n\t\t\t\t\t\t\t\t\t<p>Esta habitaci\u00f3n cuenta con una cama de matrimonio, suelo de baldosa y ventana a un patio de luces. Dentro de la habitaci\u00f3n encontrar\u00e1s un ba\u00f1o privado completo con secador, un ventilador y una TV..<\/p>\t\t\t\t\t\t\t\t<\/div>\n\t\t\t\t<\/div>\n\t\t\t\t\t<\/div>\n\t\t<\/div>\n\t\t\t\t\t<\/div>\n\t\t<\/section>\n\t\t\t\t<section class=\"elementor-section elementor-top-section elementor-element elementor-element-8250db5 elementor-section-boxed elementor-section-height-default elementor-section-height-default\" data-id=\"8250db5\" data-element_type=\"section\" data-e-type=\"section\" data-settings=\"{&quot;background_background&quot;:&quot;classic&quot;}\">\n\t\t\t\t\t\t\t<div class=\"elementor-background-overlay\"><\/div>\n\t\t\t\t\t\t\t<div class=\"elementor-container elementor-column-gap-default\">\n\t\t\t\t\t<div class=\"elementor-column elementor-col-100 elementor-top-column elementor-element elementor-element-02d7650\" data-id=\"02d7650\" data-element_type=\"column\" data-e-type=\"column\">\n\t\t\t<div class=\"elementor-widget-wrap elementor-element-populated\">\n\t\t\t\t\t\t<section class=\"elementor-section elementor-inner-section elementor-element elementor-element-b700078 elementor-section-boxed elementor-section-height-default elementor-section-height-default\" data-id=\"b700078\" data-element_type=\"section\" data-e-type=\"section\">\n\t\t\t\t\t\t<div class=\"elementor-container elementor-column-gap-default\">\n\t\t\t\t\t<div class=\"elementor-column elementor-col-50 elementor-inner-column elementor-element elementor-element-3048034\" data-id=\"3048034\" data-element_type=\"column\" data-e-type=\"column\">\n\t\t\t<div class=\"elementor-widget-wrap elementor-element-populated\">\n\t\t\t\t\t\t<div class=\"elementor-element elementor-element-fac6c0f elementor-widget elementor-widget-image\" data-id=\"fac6c0f\" data-element_type=\"widget\" data-e-type=\"widget\" data-widget_type=\"image.default\">\n\t\t\t\t<div class=\"elementor-widget-container\">\n\t\t\t\t\t\t\t\t\t\t\t\t\t\t\t<img loading=\"lazy\" decoding=\"async\" data-attachment-id=\"565\" data-permalink=\"https:\/\/www.pensionespana.es\/web\/doble-bedroom-with-private-bathroom-center-cadiz\/\" data-orig-file=\"https:\/\/www.pensionespana.es\/web\/wp-content\/uploads\/2022\/10\/doble-bedroom-with-private-bathroom-center-cadiz-scaled.jpeg\" data-orig-size=\"2560,1920\" data-comments-opened=\"1\" data-image-meta=\"{&quot;aperture&quot;:&quot;0&quot;,&quot;credit&quot;:&quot;&quot;,&quot;camera&quot;:&quot;&quot;,&quot;caption&quot;:&quot;&quot;,&quot;created_timestamp&quot;:&quot;1655870838&quot;,&quot;copyright&quot;:&quot;&quot;,&quot;focal_length&quot;:&quot;0&quot;,&quot;iso&quot;:&quot;0&quot;,&quot;shutter_speed&quot;:&quot;0&quot;,&quot;title&quot;:&quot;&quot;,&quot;orientation&quot;:&quot;1&quot;}\" data-image-title=\"doble bedroom with private bathroom center cadiz\" data-image-description=\"\" data-image-caption=\"\" data-large-file=\"https:\/\/www.pensionespana.es\/web\/wp-content\/uploads\/2022\/10\/doble-bedroom-with-private-bathroom-center-cadiz-1024x768.jpeg\" width=\"768\" height=\"576\" src=\"https:\/\/www.pensionespana.es\/web\/wp-content\/uploads\/2022\/10\/doble-bedroom-with-private-bathroom-center-cadiz-768x576.jpeg\" class=\"attachment-medium_large size-medium_large wp-image-565\" alt=\"Doble econ\u00f3mica con ba\u00f1o privado\" srcset=\"https:\/\/www.pensionespana.es\/web\/wp-content\/uploads\/2022\/10\/doble-bedroom-with-private-bathroom-center-cadiz-768x576.jpeg 768w, https:\/\/www.pensionespana.es\/web\/wp-content\/uploads\/2022\/10\/doble-bedroom-with-private-bathroom-center-cadiz-300x225.jpeg 300w, https:\/\/www.pensionespana.es\/web\/wp-content\/uploads\/2022\/10\/doble-bedroom-with-private-bathroom-center-cadiz-1024x768.jpeg 1024w, https:\/\/www.pensionespana.es\/web\/wp-content\/uploads\/2022\/10\/doble-bedroom-with-private-bathroom-center-cadiz-1536x1152.jpeg 1536w, https:\/\/www.pensionespana.es\/web\/wp-content\/uploads\/2022\/10\/doble-bedroom-with-private-bathroom-center-cadiz-2048x1536.jpeg 2048w\" sizes=\"(max-width: 768px) 100vw, 768px\" data-attachment-id=\"565\" data-permalink=\"https:\/\/www.pensionespana.es\/web\/doble-bedroom-with-private-bathroom-center-cadiz\/\" data-orig-file=\"https:\/\/www.pensionespana.es\/web\/wp-content\/uploads\/2022\/10\/doble-bedroom-with-private-bathroom-center-cadiz-scaled.jpeg\" data-orig-size=\"2560,1920\" data-comments-opened=\"1\" data-image-meta=\"{&quot;aperture&quot;:&quot;0&quot;,&quot;credit&quot;:&quot;&quot;,&quot;camera&quot;:&quot;&quot;,&quot;caption&quot;:&quot;&quot;,&quot;created_timestamp&quot;:&quot;1655870838&quot;,&quot;copyright&quot;:&quot;&quot;,&quot;focal_length&quot;:&quot;0&quot;,&quot;iso&quot;:&quot;0&quot;,&quot;shutter_speed&quot;:&quot;0&quot;,&quot;title&quot;:&quot;&quot;,&quot;orientation&quot;:&quot;1&quot;}\" data-image-title=\"doble bedroom with private bathroom center cadiz\" data-image-description=\"\" data-image-caption=\"\" data-large-file=\"https:\/\/www.pensionespana.es\/web\/wp-content\/uploads\/2022\/10\/doble-bedroom-with-private-bathroom-center-cadiz-1024x768.jpeg\" \/>\t\t\t\t\t\t\t\t\t\t\t\t\t\t\t<\/div>\n\t\t\t\t<\/div>\n\t\t\t\t\t<\/div>\n\t\t<\/div>\n\t\t\t\t<div class=\"elementor-column elementor-col-50 elementor-inner-column elementor-element elementor-element-b116568\" data-id=\"b116568\" data-element_type=\"column\" data-e-type=\"column\">\n\t\t\t<div class=\"elementor-widget-wrap elementor-element-populated\">\n\t\t\t\t\t\t<div class=\"elementor-element elementor-element-4270ada elementor-widget elementor-widget-image\" data-id=\"4270ada\" data-element_type=\"widget\" data-e-type=\"widget\" data-widget_type=\"image.default\">\n\t\t\t\t<div class=\"elementor-widget-container\">\n\t\t\t\t\t\t\t\t\t\t\t\t\t\t\t<img loading=\"lazy\" decoding=\"async\" data-attachment-id=\"564\" data-permalink=\"https:\/\/www.pensionespana.es\/web\/cuarto-de-bano-habitacion-doble-en-cadiz-capital\/\" data-orig-file=\"https:\/\/www.pensionespana.es\/web\/wp-content\/uploads\/2022\/10\/cuarto-de-bano-habitacion-doble-en-cadiz-capital-scaled.jpg\" data-orig-size=\"2560,1920\" data-comments-opened=\"1\" data-image-meta=\"{&quot;aperture&quot;:&quot;0&quot;,&quot;credit&quot;:&quot;&quot;,&quot;camera&quot;:&quot;&quot;,&quot;caption&quot;:&quot;&quot;,&quot;created_timestamp&quot;:&quot;1655870838&quot;,&quot;copyright&quot;:&quot;&quot;,&quot;focal_length&quot;:&quot;0&quot;,&quot;iso&quot;:&quot;0&quot;,&quot;shutter_speed&quot;:&quot;0&quot;,&quot;title&quot;:&quot;&quot;,&quot;orientation&quot;:&quot;1&quot;}\" data-image-title=\"cuarto de ba\u00f1o habitacion doble en cadiz capital\" data-image-description=\"\" data-image-caption=\"\" data-large-file=\"https:\/\/www.pensionespana.es\/web\/wp-content\/uploads\/2022\/10\/cuarto-de-bano-habitacion-doble-en-cadiz-capital-1024x768.jpg\" width=\"768\" height=\"576\" src=\"https:\/\/www.pensionespana.es\/web\/wp-content\/uploads\/2022\/10\/cuarto-de-bano-habitacion-doble-en-cadiz-capital-768x576.jpg\" class=\"attachment-medium_large size-medium_large wp-image-564\" alt=\"Ba\u00f1o privado en habitaci\u00f3n doble econ\u00f3mica\" srcset=\"https:\/\/www.pensionespana.es\/web\/wp-content\/uploads\/2022\/10\/cuarto-de-bano-habitacion-doble-en-cadiz-capital-768x576.jpg 768w, https:\/\/www.pensionespana.es\/web\/wp-content\/uploads\/2022\/10\/cuarto-de-bano-habitacion-doble-en-cadiz-capital-300x225.jpg 300w, https:\/\/www.pensionespana.es\/web\/wp-content\/uploads\/2022\/10\/cuarto-de-bano-habitacion-doble-en-cadiz-capital-1024x768.jpg 1024w, https:\/\/www.pensionespana.es\/web\/wp-content\/uploads\/2022\/10\/cuarto-de-bano-habitacion-doble-en-cadiz-capital-1536x1152.jpg 1536w, https:\/\/www.pensionespana.es\/web\/wp-content\/uploads\/2022\/10\/cuarto-de-bano-habitacion-doble-en-cadiz-capital-2048x1536.jpg 2048w\" sizes=\"(max-width: 768px) 100vw, 768px\" data-attachment-id=\"564\" data-permalink=\"https:\/\/www.pensionespana.es\/web\/cuarto-de-bano-habitacion-doble-en-cadiz-capital\/\" data-orig-file=\"https:\/\/www.pensionespana.es\/web\/wp-content\/uploads\/2022\/10\/cuarto-de-bano-habitacion-doble-en-cadiz-capital-scaled.jpg\" data-orig-size=\"2560,1920\" data-comments-opened=\"1\" data-image-meta=\"{&quot;aperture&quot;:&quot;0&quot;,&quot;credit&quot;:&quot;&quot;,&quot;camera&quot;:&quot;&quot;,&quot;caption&quot;:&quot;&quot;,&quot;created_timestamp&quot;:&quot;1655870838&quot;,&quot;copyright&quot;:&quot;&quot;,&quot;focal_length&quot;:&quot;0&quot;,&quot;iso&quot;:&quot;0&quot;,&quot;shutter_speed&quot;:&quot;0&quot;,&quot;title&quot;:&quot;&quot;,&quot;orientation&quot;:&quot;1&quot;}\" data-image-title=\"cuarto de ba\u00f1o habitacion doble en cadiz capital\" data-image-description=\"\" data-image-caption=\"\" data-large-file=\"https:\/\/www.pensionespana.es\/web\/wp-content\/uploads\/2022\/10\/cuarto-de-bano-habitacion-doble-en-cadiz-capital-1024x768.jpg\" \/>\t\t\t\t\t\t\t\t\t\t\t\t\t\t\t<\/div>\n\t\t\t\t<\/div>\n\t\t\t\t\t<\/div>\n\t\t<\/div>\n\t\t\t\t\t<\/div>\n\t\t<\/section>\n\t\t\t\t<section class=\"elementor-section elementor-inner-section elementor-element elementor-element-a7e2ac2 elementor-section-boxed elementor-section-height-default elementor-section-height-default\" data-id=\"a7e2ac2\" data-element_type=\"section\" data-e-type=\"section\">\n\t\t\t\t\t\t<div class=\"elementor-container elementor-column-gap-default\">\n\t\t\t\t\t<div class=\"elementor-column elementor-col-50 elementor-inner-column elementor-element elementor-element-c0842c9\" data-id=\"c0842c9\" data-element_type=\"column\" data-e-type=\"column\">\n\t\t\t<div class=\"elementor-widget-wrap elementor-element-populated\">\n\t\t\t\t\t\t<div class=\"elementor-element elementor-element-539d426 elementor-widget elementor-widget-image\" data-id=\"539d426\" data-element_type=\"widget\" data-e-type=\"widget\" data-widget_type=\"image.default\">\n\t\t\t\t<div class=\"elementor-widget-container\">\n\t\t\t\t\t\t\t\t\t\t\t\t\t\t\t<img loading=\"lazy\" decoding=\"async\" data-attachment-id=\"567\" data-permalink=\"https:\/\/www.pensionespana.es\/web\/habitacion-doble-economica-con-bano-privado-cadiz\/\" data-orig-file=\"https:\/\/www.pensionespana.es\/web\/wp-content\/uploads\/2022\/10\/Habitacion-doble-economica-con-bano-privado-cadiz-scaled.jpeg\" data-orig-size=\"2560,1920\" data-comments-opened=\"1\" data-image-meta=\"{&quot;aperture&quot;:&quot;0&quot;,&quot;credit&quot;:&quot;&quot;,&quot;camera&quot;:&quot;&quot;,&quot;caption&quot;:&quot;&quot;,&quot;created_timestamp&quot;:&quot;1655870838&quot;,&quot;copyright&quot;:&quot;&quot;,&quot;focal_length&quot;:&quot;0&quot;,&quot;iso&quot;:&quot;0&quot;,&quot;shutter_speed&quot;:&quot;0&quot;,&quot;title&quot;:&quot;&quot;,&quot;orientation&quot;:&quot;1&quot;}\" data-image-title=\"Habitaci\u00f3n doble economica con ba\u00f1o privado cadiz\" data-image-description=\"\" data-image-caption=\"\" data-large-file=\"https:\/\/www.pensionespana.es\/web\/wp-content\/uploads\/2022\/10\/Habitacion-doble-economica-con-bano-privado-cadiz-1024x768.jpeg\" width=\"768\" height=\"576\" src=\"https:\/\/www.pensionespana.es\/web\/wp-content\/uploads\/2022\/10\/Habitacion-doble-economica-con-bano-privado-cadiz-768x576.jpeg\" class=\"attachment-medium_large size-medium_large wp-image-567\" alt=\"Doble econ\u00f3mica con ba\u00f1o privado\" srcset=\"https:\/\/www.pensionespana.es\/web\/wp-content\/uploads\/2022\/10\/Habitacion-doble-economica-con-bano-privado-cadiz-768x576.jpeg 768w, https:\/\/www.pensionespana.es\/web\/wp-content\/uploads\/2022\/10\/Habitacion-doble-economica-con-bano-privado-cadiz-300x225.jpeg 300w, https:\/\/www.pensionespana.es\/web\/wp-content\/uploads\/2022\/10\/Habitacion-doble-economica-con-bano-privado-cadiz-1024x768.jpeg 1024w, https:\/\/www.pensionespana.es\/web\/wp-content\/uploads\/2022\/10\/Habitacion-doble-economica-con-bano-privado-cadiz-1536x1152.jpeg 1536w, https:\/\/www.pensionespana.es\/web\/wp-content\/uploads\/2022\/10\/Habitacion-doble-economica-con-bano-privado-cadiz-2048x1536.jpeg 2048w\" sizes=\"(max-width: 768px) 100vw, 768px\" data-attachment-id=\"567\" data-permalink=\"https:\/\/www.pensionespana.es\/web\/habitacion-doble-economica-con-bano-privado-cadiz\/\" data-orig-file=\"https:\/\/www.pensionespana.es\/web\/wp-content\/uploads\/2022\/10\/Habitacion-doble-economica-con-bano-privado-cadiz-scaled.jpeg\" data-orig-size=\"2560,1920\" data-comments-opened=\"1\" data-image-meta=\"{&quot;aperture&quot;:&quot;0&quot;,&quot;credit&quot;:&quot;&quot;,&quot;camera&quot;:&quot;&quot;,&quot;caption&quot;:&quot;&quot;,&quot;created_timestamp&quot;:&quot;1655870838&quot;,&quot;copyright&quot;:&quot;&quot;,&quot;focal_length&quot;:&quot;0&quot;,&quot;iso&quot;:&quot;0&quot;,&quot;shutter_speed&quot;:&quot;0&quot;,&quot;title&quot;:&quot;&quot;,&quot;orientation&quot;:&quot;1&quot;}\" data-image-title=\"Habitaci\u00f3n doble economica con ba\u00f1o privado cadiz\" data-image-description=\"\" data-image-caption=\"\" data-large-file=\"https:\/\/www.pensionespana.es\/web\/wp-content\/uploads\/2022\/10\/Habitacion-doble-economica-con-bano-privado-cadiz-1024x768.jpeg\" \/>\t\t\t\t\t\t\t\t\t\t\t\t\t\t\t<\/div>\n\t\t\t\t<\/div>\n\t\t\t\t\t<\/div>\n\t\t<\/div>\n\t\t\t\t<div class=\"elementor-column elementor-col-50 elementor-inner-column elementor-element elementor-element-f109f39\" data-id=\"f109f39\" data-element_type=\"column\" data-e-type=\"column\">\n\t\t\t<div class=\"elementor-widget-wrap elementor-element-populated\">\n\t\t\t\t\t\t<div class=\"elementor-element elementor-element-1c0b4db elementor-widget elementor-widget-image\" data-id=\"1c0b4db\" data-element_type=\"widget\" data-e-type=\"widget\" data-widget_type=\"image.default\">\n\t\t\t\t<div class=\"elementor-widget-container\">\n\t\t\t\t\t\t\t\t\t\t\t\t\t\t\t<img loading=\"lazy\" decoding=\"async\" data-attachment-id=\"569\" data-permalink=\"https:\/\/www.pensionespana.es\/web\/habitacion-en-centro-de-cadiz-con-bano-privado\/\" data-orig-file=\"https:\/\/www.pensionespana.es\/web\/wp-content\/uploads\/2022\/10\/Habitacion-en-centro-de-cadiz-con-bano-privado-scaled.jpg\" data-orig-size=\"2560,1920\" data-comments-opened=\"1\" data-image-meta=\"{&quot;aperture&quot;:&quot;0&quot;,&quot;credit&quot;:&quot;&quot;,&quot;camera&quot;:&quot;&quot;,&quot;caption&quot;:&quot;&quot;,&quot;created_timestamp&quot;:&quot;1655872752&quot;,&quot;copyright&quot;:&quot;&quot;,&quot;focal_length&quot;:&quot;0&quot;,&quot;iso&quot;:&quot;0&quot;,&quot;shutter_speed&quot;:&quot;0&quot;,&quot;title&quot;:&quot;&quot;,&quot;orientation&quot;:&quot;1&quot;}\" data-image-title=\"Habitaci\u00f3n en centro de cadiz con ba\u00f1o privado\" data-image-description=\"\" data-image-caption=\"\" data-large-file=\"https:\/\/www.pensionespana.es\/web\/wp-content\/uploads\/2022\/10\/Habitacion-en-centro-de-cadiz-con-bano-privado-1024x768.jpg\" width=\"768\" height=\"576\" src=\"https:\/\/www.pensionespana.es\/web\/wp-content\/uploads\/2022\/10\/Habitacion-en-centro-de-cadiz-con-bano-privado-768x576.jpg\" class=\"attachment-medium_large size-medium_large wp-image-569\" alt=\"Doble econ\u00f3mica con ba\u00f1o privado\" srcset=\"https:\/\/www.pensionespana.es\/web\/wp-content\/uploads\/2022\/10\/Habitacion-en-centro-de-cadiz-con-bano-privado-768x576.jpg 768w, https:\/\/www.pensionespana.es\/web\/wp-content\/uploads\/2022\/10\/Habitacion-en-centro-de-cadiz-con-bano-privado-300x225.jpg 300w, https:\/\/www.pensionespana.es\/web\/wp-content\/uploads\/2022\/10\/Habitacion-en-centro-de-cadiz-con-bano-privado-1024x768.jpg 1024w, https:\/\/www.pensionespana.es\/web\/wp-content\/uploads\/2022\/10\/Habitacion-en-centro-de-cadiz-con-bano-privado-1536x1152.jpg 1536w, https:\/\/www.pensionespana.es\/web\/wp-content\/uploads\/2022\/10\/Habitacion-en-centro-de-cadiz-con-bano-privado-2048x1536.jpg 2048w\" sizes=\"(max-width: 768px) 100vw, 768px\" data-attachment-id=\"569\" data-permalink=\"https:\/\/www.pensionespana.es\/web\/habitacion-en-centro-de-cadiz-con-bano-privado\/\" data-orig-file=\"https:\/\/www.pensionespana.es\/web\/wp-content\/uploads\/2022\/10\/Habitacion-en-centro-de-cadiz-con-bano-privado-scaled.jpg\" data-orig-size=\"2560,1920\" data-comments-opened=\"1\" data-image-meta=\"{&quot;aperture&quot;:&quot;0&quot;,&quot;credit&quot;:&quot;&quot;,&quot;camera&quot;:&quot;&quot;,&quot;caption&quot;:&quot;&quot;,&quot;created_timestamp&quot;:&quot;1655872752&quot;,&quot;copyright&quot;:&quot;&quot;,&quot;focal_length&quot;:&quot;0&quot;,&quot;iso&quot;:&quot;0&quot;,&quot;shutter_speed&quot;:&quot;0&quot;,&quot;title&quot;:&quot;&quot;,&quot;orientation&quot;:&quot;1&quot;}\" data-image-title=\"Habitaci\u00f3n en centro de cadiz con ba\u00f1o privado\" data-image-description=\"\" data-image-caption=\"\" data-large-file=\"https:\/\/www.pensionespana.es\/web\/wp-content\/uploads\/2022\/10\/Habitacion-en-centro-de-cadiz-con-bano-privado-1024x768.jpg\" \/>\t\t\t\t\t\t\t\t\t\t\t\t\t\t\t<\/div>\n\t\t\t\t<\/div>\n\t\t\t\t\t<\/div>\n\t\t<\/div>\n\t\t\t\t\t<\/div>\n\t\t<\/section>\n\t\t\t\t<section class=\"elementor-section elementor-inner-section elementor-element elementor-element-259f886 elementor-section-boxed elementor-section-height-default elementor-section-height-default\" data-id=\"259f886\" data-element_type=\"section\" data-e-type=\"section\">\n\t\t\t\t\t\t<div class=\"elementor-container elementor-column-gap-default\">\n\t\t\t\t\t<div class=\"elementor-column elementor-col-50 elementor-inner-column elementor-element elementor-element-e356da3\" data-id=\"e356da3\" data-element_type=\"column\" data-e-type=\"column\">\n\t\t\t<div class=\"elementor-widget-wrap elementor-element-populated\">\n\t\t\t\t\t\t<div class=\"elementor-element elementor-element-3c87d3c elementor-widget elementor-widget-image\" data-id=\"3c87d3c\" data-element_type=\"widget\" data-e-type=\"widget\" data-widget_type=\"image.default\">\n\t\t\t\t<div class=\"elementor-widget-container\">\n\t\t\t\t\t\t\t\t\t\t\t\t\t\t\t<img loading=\"lazy\" decoding=\"async\" data-attachment-id=\"566\" data-permalink=\"https:\/\/www.pensionespana.es\/web\/habitacion-2-personas-cadiz-pension-espana\/\" data-orig-file=\"https:\/\/www.pensionespana.es\/web\/wp-content\/uploads\/2022\/10\/habitacion-2-personas-cadiz-pension-espana-scaled.jpg\" data-orig-size=\"2560,1920\" data-comments-opened=\"1\" data-image-meta=\"{&quot;aperture&quot;:&quot;0&quot;,&quot;credit&quot;:&quot;&quot;,&quot;camera&quot;:&quot;&quot;,&quot;caption&quot;:&quot;&quot;,&quot;created_timestamp&quot;:&quot;1655872752&quot;,&quot;copyright&quot;:&quot;&quot;,&quot;focal_length&quot;:&quot;0&quot;,&quot;iso&quot;:&quot;0&quot;,&quot;shutter_speed&quot;:&quot;0&quot;,&quot;title&quot;:&quot;&quot;,&quot;orientation&quot;:&quot;1&quot;}\" data-image-title=\"habitacion 2 personas cadiz pension espa\u00f1a\" data-image-description=\"\" data-image-caption=\"\" data-large-file=\"https:\/\/www.pensionespana.es\/web\/wp-content\/uploads\/2022\/10\/habitacion-2-personas-cadiz-pension-espana-1024x768.jpg\" width=\"768\" height=\"576\" src=\"https:\/\/www.pensionespana.es\/web\/wp-content\/uploads\/2022\/10\/habitacion-2-personas-cadiz-pension-espana-768x576.jpg\" class=\"attachment-medium_large size-medium_large wp-image-566\" alt=\"Doble econ\u00f3mica con ba\u00f1o privado\" srcset=\"https:\/\/www.pensionespana.es\/web\/wp-content\/uploads\/2022\/10\/habitacion-2-personas-cadiz-pension-espana-768x576.jpg 768w, https:\/\/www.pensionespana.es\/web\/wp-content\/uploads\/2022\/10\/habitacion-2-personas-cadiz-pension-espana-300x225.jpg 300w, https:\/\/www.pensionespana.es\/web\/wp-content\/uploads\/2022\/10\/habitacion-2-personas-cadiz-pension-espana-1024x768.jpg 1024w, https:\/\/www.pensionespana.es\/web\/wp-content\/uploads\/2022\/10\/habitacion-2-personas-cadiz-pension-espana-1536x1152.jpg 1536w, https:\/\/www.pensionespana.es\/web\/wp-content\/uploads\/2022\/10\/habitacion-2-personas-cadiz-pension-espana-2048x1536.jpg 2048w\" sizes=\"(max-width: 768px) 100vw, 768px\" data-attachment-id=\"566\" data-permalink=\"https:\/\/www.pensionespana.es\/web\/habitacion-2-personas-cadiz-pension-espana\/\" data-orig-file=\"https:\/\/www.pensionespana.es\/web\/wp-content\/uploads\/2022\/10\/habitacion-2-personas-cadiz-pension-espana-scaled.jpg\" data-orig-size=\"2560,1920\" data-comments-opened=\"1\" data-image-meta=\"{&quot;aperture&quot;:&quot;0&quot;,&quot;credit&quot;:&quot;&quot;,&quot;camera&quot;:&quot;&quot;,&quot;caption&quot;:&quot;&quot;,&quot;created_timestamp&quot;:&quot;1655872752&quot;,&quot;copyright&quot;:&quot;&quot;,&quot;focal_length&quot;:&quot;0&quot;,&quot;iso&quot;:&quot;0&quot;,&quot;shutter_speed&quot;:&quot;0&quot;,&quot;title&quot;:&quot;&quot;,&quot;orientation&quot;:&quot;1&quot;}\" data-image-title=\"habitacion 2 personas cadiz pension espa\u00f1a\" data-image-description=\"\" data-image-caption=\"\" data-large-file=\"https:\/\/www.pensionespana.es\/web\/wp-content\/uploads\/2022\/10\/habitacion-2-personas-cadiz-pension-espana-1024x768.jpg\" \/>\t\t\t\t\t\t\t\t\t\t\t\t\t\t\t<\/div>\n\t\t\t\t<\/div>\n\t\t\t\t\t<\/div>\n\t\t<\/div>\n\t\t\t\t<div class=\"elementor-column elementor-col-50 elementor-inner-column elementor-element elementor-element-f5c1ede\" data-id=\"f5c1ede\" data-element_type=\"column\" data-e-type=\"column\">\n\t\t\t<div class=\"elementor-widget-wrap elementor-element-populated\">\n\t\t\t\t\t\t<div class=\"elementor-element elementor-element-30d137a elementor-widget elementor-widget-image\" data-id=\"30d137a\" data-element_type=\"widget\" data-e-type=\"widget\" data-widget_type=\"image.default\">\n\t\t\t\t<div class=\"elementor-widget-container\">\n\t\t\t\t\t\t\t\t\t\t\t\t\t\t\t<img loading=\"lazy\" decoding=\"async\" data-attachment-id=\"568\" data-permalink=\"https:\/\/www.pensionespana.es\/web\/habitacion-economica-con-bano-en-cadiz-capital\/\" data-orig-file=\"https:\/\/www.pensionespana.es\/web\/wp-content\/uploads\/2022\/10\/habitacion-economica-con-bano-en-cadiz-capital-scaled.jpg\" data-orig-size=\"2560,1920\" data-comments-opened=\"1\" data-image-meta=\"{&quot;aperture&quot;:&quot;0&quot;,&quot;credit&quot;:&quot;&quot;,&quot;camera&quot;:&quot;&quot;,&quot;caption&quot;:&quot;&quot;,&quot;created_timestamp&quot;:&quot;1655872752&quot;,&quot;copyright&quot;:&quot;&quot;,&quot;focal_length&quot;:&quot;0&quot;,&quot;iso&quot;:&quot;0&quot;,&quot;shutter_speed&quot;:&quot;0&quot;,&quot;title&quot;:&quot;&quot;,&quot;orientation&quot;:&quot;1&quot;}\" data-image-title=\"habitaci\u00f3n economica con ba\u00f1o en cadiz capital\" data-image-description=\"\" data-image-caption=\"\" data-large-file=\"https:\/\/www.pensionespana.es\/web\/wp-content\/uploads\/2022\/10\/habitacion-economica-con-bano-en-cadiz-capital-1024x768.jpg\" width=\"768\" height=\"576\" src=\"https:\/\/www.pensionespana.es\/web\/wp-content\/uploads\/2022\/10\/habitacion-economica-con-bano-en-cadiz-capital-768x576.jpg\" class=\"attachment-medium_large size-medium_large wp-image-568\" alt=\"Ba\u00f1o privado en doble econ\u00f3mica\" srcset=\"https:\/\/www.pensionespana.es\/web\/wp-content\/uploads\/2022\/10\/habitacion-economica-con-bano-en-cadiz-capital-768x576.jpg 768w, https:\/\/www.pensionespana.es\/web\/wp-content\/uploads\/2022\/10\/habitacion-economica-con-bano-en-cadiz-capital-300x225.jpg 300w, https:\/\/www.pensionespana.es\/web\/wp-content\/uploads\/2022\/10\/habitacion-economica-con-bano-en-cadiz-capital-1024x768.jpg 1024w, https:\/\/www.pensionespana.es\/web\/wp-content\/uploads\/2022\/10\/habitacion-economica-con-bano-en-cadiz-capital-1536x1152.jpg 1536w, https:\/\/www.pensionespana.es\/web\/wp-content\/uploads\/2022\/10\/habitacion-economica-con-bano-en-cadiz-capital-2048x1536.jpg 2048w\" sizes=\"(max-width: 768px) 100vw, 768px\" data-attachment-id=\"568\" data-permalink=\"https:\/\/www.pensionespana.es\/web\/habitacion-economica-con-bano-en-cadiz-capital\/\" data-orig-file=\"https:\/\/www.pensionespana.es\/web\/wp-content\/uploads\/2022\/10\/habitacion-economica-con-bano-en-cadiz-capital-scaled.jpg\" data-orig-size=\"2560,1920\" data-comments-opened=\"1\" data-image-meta=\"{&quot;aperture&quot;:&quot;0&quot;,&quot;credit&quot;:&quot;&quot;,&quot;camera&quot;:&quot;&quot;,&quot;caption&quot;:&quot;&quot;,&quot;created_timestamp&quot;:&quot;1655872752&quot;,&quot;copyright&quot;:&quot;&quot;,&quot;focal_length&quot;:&quot;0&quot;,&quot;iso&quot;:&quot;0&quot;,&quot;shutter_speed&quot;:&quot;0&quot;,&quot;title&quot;:&quot;&quot;,&quot;orientation&quot;:&quot;1&quot;}\" data-image-title=\"habitaci\u00f3n economica con ba\u00f1o en cadiz capital\" data-image-description=\"\" data-image-caption=\"\" data-large-file=\"https:\/\/www.pensionespana.es\/web\/wp-content\/uploads\/2022\/10\/habitacion-economica-con-bano-en-cadiz-capital-1024x768.jpg\" \/>\t\t\t\t\t\t\t\t\t\t\t\t\t\t\t<\/div>\n\t\t\t\t<\/div>\n\t\t\t\t\t<\/div>\n\t\t<\/div>\n\t\t\t\t\t<\/div>\n\t\t<\/section>\n\t\t\t\t\t<\/div>\n\t\t<\/div>\n\t\t\t\t\t<\/div>\n\t\t<\/section>\n\t\t\t\t<section class=\"elementor-section elementor-top-section elementor-element elementor-element-c7d25a2 elementor-section-boxed elementor-section-height-default elementor-section-height-default\" data-id=\"c7d25a2\" data-element_type=\"section\" data-e-type=\"section\" data-settings=\"{&quot;background_background&quot;:&quot;classic&quot;}\">\n\t\t\t\t\t\t<div class=\"elementor-container elementor-column-gap-default\">\n\t\t\t\t\t<div class=\"elementor-column elementor-col-16 elementor-top-column elementor-element elementor-element-9fc6739\" data-id=\"9fc6739\" data-element_type=\"column\" data-e-type=\"column\">\n\t\t\t<div class=\"elementor-widget-wrap\">\n\t\t\t\t\t\t\t<\/div>\n\t\t<\/div>\n\t\t\t\t<div class=\"elementor-column elementor-col-66 elementor-top-column elementor-element elementor-element-df6deca\" data-id=\"df6deca\" data-element_type=\"column\" data-e-type=\"column\">\n\t\t\t<div class=\"elementor-widget-wrap elementor-element-populated\">\n\t\t\t\t\t\t<div class=\"elementor-element elementor-element-e2674ce elementor-widget elementor-widget-heading\" data-id=\"e2674ce\" data-element_type=\"widget\" data-e-type=\"widget\" data-widget_type=\"heading.default\">\n\t\t\t\t<div class=\"elementor-widget-container\">\n\t\t\t\t\t<h3 class=\"elementor-heading-title elementor-size-default\">Doble con ba\u00f1o privado<\/h3>\t\t\t\t<\/div>\n\t\t\t\t<\/div>\n\t\t\t\t\t<\/div>\n\t\t<\/div>\n\t\t\t\t<div class=\"elementor-column elementor-col-16 elementor-top-column elementor-element elementor-element-b695cc2\" data-id=\"b695cc2\" data-element_type=\"column\" data-e-type=\"column\">\n\t\t\t<div class=\"elementor-widget-wrap\">\n\t\t\t\t\t\t\t<\/div>\n\t\t<\/div>\n\t\t\t\t\t<\/div>\n\t\t<\/section>\n\t\t\t\t<section class=\"elementor-section elementor-top-section elementor-element elementor-element-917fe24 elementor-section-boxed elementor-section-height-default elementor-section-height-default\" data-id=\"917fe24\" data-element_type=\"section\" data-e-type=\"section\" data-settings=\"{&quot;background_background&quot;:&quot;classic&quot;}\">\n\t\t\t\t\t\t<div class=\"elementor-container elementor-column-gap-default\">\n\t\t\t\t\t<div class=\"elementor-column elementor-col-16 elementor-top-column elementor-element elementor-element-e4a0eee\" data-id=\"e4a0eee\" data-element_type=\"column\" data-e-type=\"column\">\n\t\t\t<div class=\"elementor-widget-wrap\">\n\t\t\t\t\t\t\t<\/div>\n\t\t<\/div>\n\t\t\t\t<div class=\"elementor-column elementor-col-66 elementor-top-column elementor-element elementor-element-d73e069\" data-id=\"d73e069\" data-element_type=\"column\" data-e-type=\"column\">\n\t\t\t<div class=\"elementor-widget-wrap elementor-element-populated\">\n\t\t\t\t\t\t<div class=\"elementor-element elementor-element-17cf8a7 elementor-widget elementor-widget-text-editor\" data-id=\"17cf8a7\" data-element_type=\"widget\" data-e-type=\"widget\" data-widget_type=\"text-editor.default\">\n\t\t\t\t<div class=\"elementor-widget-container\">\n\t\t\t\t\t\t\t\t\t<p>\u00a0Esta habitaci\u00f3n cuenta con una cama de matrimonio, suelo de baldosa y un balc\u00f3n a la calle. Dentro de la habitaci\u00f3n encontrar\u00e1s un ba\u00f1o privado completo con secador, un ventilador y una TV<\/p>\t\t\t\t\t\t\t\t<\/div>\n\t\t\t\t<\/div>\n\t\t\t\t\t<\/div>\n\t\t<\/div>\n\t\t\t\t<div class=\"elementor-column elementor-col-16 elementor-top-column elementor-element elementor-element-478f838\" data-id=\"478f838\" data-element_type=\"column\" data-e-type=\"column\">\n\t\t\t<div class=\"elementor-widget-wrap\">\n\t\t\t\t\t\t\t<\/div>\n\t\t<\/div>\n\t\t\t\t\t<\/div>\n\t\t<\/section>\n\t\t\t\t<section class=\"elementor-section elementor-top-section elementor-element elementor-element-484bc96 elementor-section-boxed elementor-section-height-default elementor-section-height-default\" data-id=\"484bc96\" data-element_type=\"section\" data-e-type=\"section\" data-settings=\"{&quot;background_background&quot;:&quot;classic&quot;}\">\n\t\t\t\t\t\t<div class=\"elementor-container elementor-column-gap-default\">\n\t\t\t\t\t<div class=\"elementor-column elementor-col-50 elementor-top-column elementor-element elementor-element-0c9cf61\" data-id=\"0c9cf61\" data-element_type=\"column\" data-e-type=\"column\">\n\t\t\t<div class=\"elementor-widget-wrap elementor-element-populated\">\n\t\t\t\t\t\t<div class=\"elementor-element elementor-element-7c77b2a elementor-widget elementor-widget-image\" data-id=\"7c77b2a\" data-element_type=\"widget\" data-e-type=\"widget\" data-widget_type=\"image.default\">\n\t\t\t\t<div class=\"elementor-widget-container\">\n\t\t\t\t\t\t\t\t\t\t\t\t\t\t\t<img loading=\"lazy\" decoding=\"async\" data-attachment-id=\"562\" data-permalink=\"https:\/\/www.pensionespana.es\/web\/doble-con-bano-privado-pension-espana\/\" data-orig-file=\"https:\/\/www.pensionespana.es\/web\/wp-content\/uploads\/2022\/10\/Doble-con-bano-privado-pension-espana-scaled.jpg\" data-orig-size=\"2560,1920\" data-comments-opened=\"1\" data-image-meta=\"{&quot;aperture&quot;:&quot;2.4&quot;,&quot;credit&quot;:&quot;&quot;,&quot;camera&quot;:&quot;iPhone 11&quot;,&quot;caption&quot;:&quot;&quot;,&quot;created_timestamp&quot;:&quot;1661019238&quot;,&quot;copyright&quot;:&quot;&quot;,&quot;focal_length&quot;:&quot;1.54&quot;,&quot;iso&quot;:&quot;160&quot;,&quot;shutter_speed&quot;:&quot;0.02&quot;,&quot;title&quot;:&quot;&quot;,&quot;orientation&quot;:&quot;1&quot;}\" data-image-title=\"Doble con ba\u00f1o privado pension espa\u00f1a\" data-image-description=\"\" data-image-caption=\"&lt;p&gt;Habitaci\u00f3n doble con ba\u00f1o privado&lt;\/p&gt;\n\" data-large-file=\"https:\/\/www.pensionespana.es\/web\/wp-content\/uploads\/2022\/10\/Doble-con-bano-privado-pension-espana-1024x768.jpg\" width=\"1024\" height=\"768\" src=\"https:\/\/www.pensionespana.es\/web\/wp-content\/uploads\/2022\/10\/Doble-con-bano-privado-pension-espana-1024x768.jpg\" class=\"attachment-large size-large wp-image-562\" alt=\"Habitaci\u00f3n doble\" srcset=\"https:\/\/www.pensionespana.es\/web\/wp-content\/uploads\/2022\/10\/Doble-con-bano-privado-pension-espana-1024x768.jpg 1024w, https:\/\/www.pensionespana.es\/web\/wp-content\/uploads\/2022\/10\/Doble-con-bano-privado-pension-espana-300x225.jpg 300w, https:\/\/www.pensionespana.es\/web\/wp-content\/uploads\/2022\/10\/Doble-con-bano-privado-pension-espana-768x576.jpg 768w, https:\/\/www.pensionespana.es\/web\/wp-content\/uploads\/2022\/10\/Doble-con-bano-privado-pension-espana-1536x1152.jpg 1536w, https:\/\/www.pensionespana.es\/web\/wp-content\/uploads\/2022\/10\/Doble-con-bano-privado-pension-espana-2048x1536.jpg 2048w\" sizes=\"(max-width: 1024px) 100vw, 1024px\" data-attachment-id=\"562\" data-permalink=\"https:\/\/www.pensionespana.es\/web\/doble-con-bano-privado-pension-espana\/\" data-orig-file=\"https:\/\/www.pensionespana.es\/web\/wp-content\/uploads\/2022\/10\/Doble-con-bano-privado-pension-espana-scaled.jpg\" data-orig-size=\"2560,1920\" data-comments-opened=\"1\" data-image-meta=\"{&quot;aperture&quot;:&quot;2.4&quot;,&quot;credit&quot;:&quot;&quot;,&quot;camera&quot;:&quot;iPhone 11&quot;,&quot;caption&quot;:&quot;&quot;,&quot;created_timestamp&quot;:&quot;1661019238&quot;,&quot;copyright&quot;:&quot;&quot;,&quot;focal_length&quot;:&quot;1.54&quot;,&quot;iso&quot;:&quot;160&quot;,&quot;shutter_speed&quot;:&quot;0.02&quot;,&quot;title&quot;:&quot;&quot;,&quot;orientation&quot;:&quot;1&quot;}\" data-image-title=\"Doble con ba\u00f1o privado pension espa\u00f1a\" data-image-description=\"\" data-image-caption=\"&lt;p&gt;Habitaci\u00f3n doble con ba\u00f1o privado&lt;\/p&gt;\n\" data-large-file=\"https:\/\/www.pensionespana.es\/web\/wp-content\/uploads\/2022\/10\/Doble-con-bano-privado-pension-espana-1024x768.jpg\" \/>\t\t\t\t\t\t\t\t\t\t\t\t\t\t\t<\/div>\n\t\t\t\t<\/div>\n\t\t\t\t\t<\/div>\n\t\t<\/div>\n\t\t\t\t<div class=\"elementor-column elementor-col-50 elementor-top-column elementor-element elementor-element-ceedb81\" data-id=\"ceedb81\" data-element_type=\"column\" data-e-type=\"column\">\n\t\t\t<div class=\"elementor-widget-wrap elementor-element-populated\">\n\t\t\t\t\t\t<div class=\"elementor-element elementor-element-971d870 elementor-widget elementor-widget-image\" data-id=\"971d870\" data-element_type=\"widget\" data-e-type=\"widget\" data-widget_type=\"image.default\">\n\t\t\t\t<div class=\"elementor-widget-container\">\n\t\t\t\t\t\t\t\t\t\t\t\t\t\t\t<img loading=\"lazy\" decoding=\"async\" data-attachment-id=\"563\" data-permalink=\"https:\/\/www.pensionespana.es\/web\/double-with-private-bathroom-pension-espana\/\" data-orig-file=\"https:\/\/www.pensionespana.es\/web\/wp-content\/uploads\/2022\/10\/Double-with-private-bathroom-pension-espana-scaled.jpg\" data-orig-size=\"2560,1920\" data-comments-opened=\"1\" data-image-meta=\"{&quot;aperture&quot;:&quot;2.4&quot;,&quot;credit&quot;:&quot;&quot;,&quot;camera&quot;:&quot;iPhone 11&quot;,&quot;caption&quot;:&quot;&quot;,&quot;created_timestamp&quot;:&quot;1661019279&quot;,&quot;copyright&quot;:&quot;&quot;,&quot;focal_length&quot;:&quot;1.54&quot;,&quot;iso&quot;:&quot;500&quot;,&quot;shutter_speed&quot;:&quot;0.02&quot;,&quot;title&quot;:&quot;&quot;,&quot;orientation&quot;:&quot;1&quot;}\" data-image-title=\"Double with private bathroom pension espa\u00f1a\" data-image-description=\"\" data-image-caption=\"&lt;p&gt;Habitaci\u00f3n doble con ba\u00f1o privado&lt;\/p&gt;\n\" data-large-file=\"https:\/\/www.pensionespana.es\/web\/wp-content\/uploads\/2022\/10\/Double-with-private-bathroom-pension-espana-1024x768.jpg\" width=\"768\" height=\"576\" src=\"https:\/\/www.pensionespana.es\/web\/wp-content\/uploads\/2022\/10\/Double-with-private-bathroom-pension-espana-768x576.jpg\" class=\"attachment-medium_large size-medium_large wp-image-563\" alt=\"Habitaci\u00f3n doble\" srcset=\"https:\/\/www.pensionespana.es\/web\/wp-content\/uploads\/2022\/10\/Double-with-private-bathroom-pension-espana-768x576.jpg 768w, https:\/\/www.pensionespana.es\/web\/wp-content\/uploads\/2022\/10\/Double-with-private-bathroom-pension-espana-300x225.jpg 300w, https:\/\/www.pensionespana.es\/web\/wp-content\/uploads\/2022\/10\/Double-with-private-bathroom-pension-espana-1024x768.jpg 1024w, https:\/\/www.pensionespana.es\/web\/wp-content\/uploads\/2022\/10\/Double-with-private-bathroom-pension-espana-1536x1152.jpg 1536w, https:\/\/www.pensionespana.es\/web\/wp-content\/uploads\/2022\/10\/Double-with-private-bathroom-pension-espana-2048x1536.jpg 2048w\" sizes=\"(max-width: 768px) 100vw, 768px\" data-attachment-id=\"563\" data-permalink=\"https:\/\/www.pensionespana.es\/web\/double-with-private-bathroom-pension-espana\/\" data-orig-file=\"https:\/\/www.pensionespana.es\/web\/wp-content\/uploads\/2022\/10\/Double-with-private-bathroom-pension-espana-scaled.jpg\" data-orig-size=\"2560,1920\" data-comments-opened=\"1\" data-image-meta=\"{&quot;aperture&quot;:&quot;2.4&quot;,&quot;credit&quot;:&quot;&quot;,&quot;camera&quot;:&quot;iPhone 11&quot;,&quot;caption&quot;:&quot;&quot;,&quot;created_timestamp&quot;:&quot;1661019279&quot;,&quot;copyright&quot;:&quot;&quot;,&quot;focal_length&quot;:&quot;1.54&quot;,&quot;iso&quot;:&quot;500&quot;,&quot;shutter_speed&quot;:&quot;0.02&quot;,&quot;title&quot;:&quot;&quot;,&quot;orientation&quot;:&quot;1&quot;}\" data-image-title=\"Double with private bathroom pension espa\u00f1a\" data-image-description=\"\" data-image-caption=\"&lt;p&gt;Habitaci\u00f3n doble con ba\u00f1o privado&lt;\/p&gt;\n\" data-large-file=\"https:\/\/www.pensionespana.es\/web\/wp-content\/uploads\/2022\/10\/Double-with-private-bathroom-pension-espana-1024x768.jpg\" \/>\t\t\t\t\t\t\t\t\t\t\t\t\t\t\t<\/div>\n\t\t\t\t<\/div>\n\t\t\t\t\t<\/div>\n\t\t<\/div>\n\t\t\t\t\t<\/div>\n\t\t<\/section>\n\t\t\t\t<section class=\"elementor-section elementor-top-section elementor-element elementor-element-2b62ab6 elementor-section-boxed elementor-section-height-default elementor-section-height-default\" data-id=\"2b62ab6\" data-element_type=\"section\" data-e-type=\"section\" data-settings=\"{&quot;background_background&quot;:&quot;classic&quot;}\">\n\t\t\t\t\t\t<div class=\"elementor-container elementor-column-gap-default\">\n\t\t\t\t\t<div class=\"elementor-column elementor-col-33 elementor-top-column elementor-element elementor-element-ed7bac5\" data-id=\"ed7bac5\" data-element_type=\"column\" data-e-type=\"column\">\n\t\t\t<div class=\"elementor-widget-wrap\">\n\t\t\t\t\t\t\t<\/div>\n\t\t<\/div>\n\t\t\t\t<div class=\"elementor-column elementor-col-33 elementor-top-column elementor-element elementor-element-8f1bab9\" data-id=\"8f1bab9\" data-element_type=\"column\" data-e-type=\"column\">\n\t\t\t<div class=\"elementor-widget-wrap elementor-element-populated\">\n\t\t\t\t\t\t<div class=\"elementor-element elementor-element-1b5de0f elementor-widget elementor-widget-image\" data-id=\"1b5de0f\" data-element_type=\"widget\" data-e-type=\"widget\" data-widget_type=\"image.default\">\n\t\t\t\t<div class=\"elementor-widget-container\">\n\t\t\t\t\t\t\t\t\t\t\t\t\t\t\t<img loading=\"lazy\" decoding=\"async\" data-attachment-id=\"986\" data-permalink=\"https:\/\/www.pensionespana.es\/web\/bano-habitacion-doble-pension-espana-1\/\" data-orig-file=\"https:\/\/www.pensionespana.es\/web\/wp-content\/uploads\/2022\/10\/bano-habitacion-doble-pension-espana-1.jpg\" data-orig-size=\"600,600\" data-comments-opened=\"1\" data-image-meta=\"{&quot;aperture&quot;:&quot;0&quot;,&quot;credit&quot;:&quot;&quot;,&quot;camera&quot;:&quot;&quot;,&quot;caption&quot;:&quot;&quot;,&quot;created_timestamp&quot;:&quot;1661019319&quot;,&quot;copyright&quot;:&quot;&quot;,&quot;focal_length&quot;:&quot;0&quot;,&quot;iso&quot;:&quot;0&quot;,&quot;shutter_speed&quot;:&quot;0&quot;,&quot;title&quot;:&quot;&quot;,&quot;orientation&quot;:&quot;1&quot;}\" data-image-title=\"ba\u00f1o habitaci\u00f3n doble pension espa\u00f1a 1\" data-image-description=\"\" data-image-caption=\"\" data-large-file=\"https:\/\/www.pensionespana.es\/web\/wp-content\/uploads\/2022\/10\/bano-habitacion-doble-pension-espana-1.jpg\" width=\"600\" height=\"600\" src=\"https:\/\/www.pensionespana.es\/web\/wp-content\/uploads\/2022\/10\/bano-habitacion-doble-pension-espana-1.jpg\" class=\"attachment-medium_large size-medium_large wp-image-986\" alt=\"\" srcset=\"https:\/\/www.pensionespana.es\/web\/wp-content\/uploads\/2022\/10\/bano-habitacion-doble-pension-espana-1.jpg 600w, https:\/\/www.pensionespana.es\/web\/wp-content\/uploads\/2022\/10\/bano-habitacion-doble-pension-espana-1-300x300.jpg 300w, https:\/\/www.pensionespana.es\/web\/wp-content\/uploads\/2022\/10\/bano-habitacion-doble-pension-espana-1-150x150.jpg 150w\" sizes=\"(max-width: 600px) 100vw, 600px\" data-attachment-id=\"986\" data-permalink=\"https:\/\/www.pensionespana.es\/web\/bano-habitacion-doble-pension-espana-1\/\" data-orig-file=\"https:\/\/www.pensionespana.es\/web\/wp-content\/uploads\/2022\/10\/bano-habitacion-doble-pension-espana-1.jpg\" data-orig-size=\"600,600\" data-comments-opened=\"1\" data-image-meta=\"{&quot;aperture&quot;:&quot;0&quot;,&quot;credit&quot;:&quot;&quot;,&quot;camera&quot;:&quot;&quot;,&quot;caption&quot;:&quot;&quot;,&quot;created_timestamp&quot;:&quot;1661019319&quot;,&quot;copyright&quot;:&quot;&quot;,&quot;focal_length&quot;:&quot;0&quot;,&quot;iso&quot;:&quot;0&quot;,&quot;shutter_speed&quot;:&quot;0&quot;,&quot;title&quot;:&quot;&quot;,&quot;orientation&quot;:&quot;1&quot;}\" data-image-title=\"ba\u00f1o habitaci\u00f3n doble pension espa\u00f1a 1\" data-image-description=\"\" data-image-caption=\"\" data-large-file=\"https:\/\/www.pensionespana.es\/web\/wp-content\/uploads\/2022\/10\/bano-habitacion-doble-pension-espana-1.jpg\" \/>\t\t\t\t\t\t\t\t\t\t\t\t\t\t\t<\/div>\n\t\t\t\t<\/div>\n\t\t\t\t\t<\/div>\n\t\t<\/div>\n\t\t\t\t<div class=\"elementor-column elementor-col-33 elementor-top-column elementor-element elementor-element-55eb1f5\" data-id=\"55eb1f5\" data-element_type=\"column\" data-e-type=\"column\">\n\t\t\t<div class=\"elementor-widget-wrap\">\n\t\t\t\t\t\t\t<\/div>\n\t\t<\/div>\n\t\t\t\t\t<\/div>\n\t\t<\/section>\n\t\t\t\t<\/div>\n\t\t","protected":false},"excerpt":{"rendered":"<p>Dobles Habitaci\u00f3n doble econ\u00f3mica con ba\u00f1o compartido Esta habitaci\u00f3n cuenta con una cama de matrimonio, suelo de baldosa y colores pastel. Dentro de la habitaci\u00f3n encontrar\u00e1s una ventana a la calle y un ventilador. El ba\u00f1o es compartido. Habitaci\u00f3n doble con ba\u00f1o compartido &#8211; &nbsp;2 camas individuales Esta habitaci\u00f3n cuenta con dos camas individuales, suelo&hellip;&nbsp;<a href=\"https:\/\/www.pensionespana.es\/web\/habitaciones-dobles\/\" rel=\"bookmark\">Leer m\u00e1s &raquo;<span class=\"screen-reader-text\">Habitaciones Dobles<\/span><\/a><\/p>\n","protected":false},"author":1,"featured_media":0,"parent":0,"menu_order":0,"comment_status":"closed","ping_status":"closed","template":"page-templates\/template-pagebuilder-full-width.php","meta":{"neve_meta_sidebar":"","neve_meta_container":"","neve_meta_enable_content_width":"","neve_meta_content_width":0,"neve_meta_title_alignment":"","neve_meta_author_avatar":"","neve_post_elements_order":"","neve_meta_disable_header":"","neve_meta_disable_footer":"","neve_meta_disable_title":"","neve_meta_reading_time":"","advanced_seo_description":"","jetpack_seo_html_title":"","jetpack_seo_noindex":false,"footnotes":""},"class_list":["post-644","page","type-page","status-publish","hentry"],"jetpack_sharing_enabled":true,"_links":{"self":[{"href":"https:\/\/www.pensionespana.es\/web\/wp-json\/wp\/v2\/pages\/644","targetHints":{"allow":["GET"]}}],"collection":[{"href":"https:\/\/www.pensionespana.es\/web\/wp-json\/wp\/v2\/pages"}],"about":[{"href":"https:\/\/www.pensionespana.es\/web\/wp-json\/wp\/v2\/types\/page"}],"author":[{"embeddable":true,"href":"https:\/\/www.pensionespana.es\/web\/wp-json\/wp\/v2\/users\/1"}],"replies":[{"embeddable":true,"href":"https:\/\/www.pensionespana.es\/web\/wp-json\/wp\/v2\/comments?post=644"}],"version-history":[{"count":148,"href":"https:\/\/www.pensionespana.es\/web\/wp-json\/wp\/v2\/pages\/644\/revisions"}],"predecessor-version":[{"id":1007,"href":"https:\/\/www.pensionespana.es\/web\/wp-json\/wp\/v2\/pages\/644\/revisions\/1007"}],"wp:attachment":[{"href":"https:\/\/www.pensionespana.es\/web\/wp-json\/wp\/v2\/media?parent=644"}],"curies":[{"name":"wp","href":"https:\/\/api.w.org\/{rel}","templated":true}]}}