{"id":616,"date":"2022-10-22T07:11:50","date_gmt":"2022-10-22T07:11:50","guid":{"rendered":"https:\/\/www.pensionespana.es\/web\/?page_id=616"},"modified":"2022-10-24T19:54:00","modified_gmt":"2022-10-24T19:54:00","slug":"habitaciones-individuales","status":"publish","type":"page","link":"https:\/\/www.pensionespana.es\/web\/habitaciones-individuales\/","title":{"rendered":"Habitaciones Individuales"},"content":{"rendered":"\t\t<div data-elementor-type=\"wp-page\" data-elementor-id=\"616\" class=\"elementor elementor-616\">\n\t\t\t\t\t\t<section class=\"elementor-section elementor-top-section elementor-element elementor-element-5c352c9c elementor-section-boxed elementor-section-height-default elementor-section-height-default\" data-id=\"5c352c9c\" data-element_type=\"section\" data-e-type=\"section\" data-settings=\"{&quot;background_background&quot;:&quot;classic&quot;}\">\n\t\t\t\t\t\t<div class=\"elementor-container elementor-column-gap-default\">\n\t\t\t\t\t<div class=\"elementor-column elementor-col-100 elementor-top-column elementor-element elementor-element-fd9f8b\" data-id=\"fd9f8b\" data-element_type=\"column\" data-e-type=\"column\">\n\t\t\t<div class=\"elementor-widget-wrap elementor-element-populated\">\n\t\t\t\t\t\t<section class=\"elementor-section elementor-inner-section elementor-element elementor-element-37d631cc elementor-section-boxed elementor-section-height-default elementor-section-height-default\" data-id=\"37d631cc\" data-element_type=\"section\" data-e-type=\"section\" data-settings=\"{&quot;background_background&quot;:&quot;classic&quot;}\">\n\t\t\t\t\t\t<div class=\"elementor-container elementor-column-gap-default\">\n\t\t\t\t\t<div class=\"elementor-column elementor-col-100 elementor-inner-column elementor-element elementor-element-68b3851c\" data-id=\"68b3851c\" data-element_type=\"column\" data-e-type=\"column\" data-settings=\"{&quot;background_background&quot;:&quot;classic&quot;}\">\n\t\t\t<div class=\"elementor-widget-wrap elementor-element-populated\">\n\t\t\t\t\t\t<div class=\"elementor-element elementor-element-5221f8ca elementor-widget elementor-widget-heading\" data-id=\"5221f8ca\" data-element_type=\"widget\" data-e-type=\"widget\" data-widget_type=\"heading.default\">\n\t\t\t\t<div class=\"elementor-widget-container\">\n\t\t\t\t\t<h1 class=\"elementor-heading-title elementor-size-default\">Individuales<\/h1>\t\t\t\t<\/div>\n\t\t\t\t<\/div>\n\t\t\t\t\t<\/div>\n\t\t<\/div>\n\t\t\t\t\t<\/div>\n\t\t<\/section>\n\t\t\t\t\t<\/div>\n\t\t<\/div>\n\t\t\t\t\t<\/div>\n\t\t<\/section>\n\t\t\t\t<section class=\"elementor-section elementor-top-section elementor-element elementor-element-9e05ed6 elementor-section-boxed elementor-section-height-default elementor-section-height-default\" data-id=\"9e05ed6\" data-element_type=\"section\" data-e-type=\"section\" data-settings=\"{&quot;background_background&quot;:&quot;classic&quot;}\">\n\t\t\t\t\t\t<div class=\"elementor-container elementor-column-gap-default\">\n\t\t\t\t\t<div class=\"elementor-column elementor-col-100 elementor-top-column elementor-element elementor-element-1fa86f3f\" data-id=\"1fa86f3f\" data-element_type=\"column\" data-e-type=\"column\">\n\t\t\t<div class=\"elementor-widget-wrap elementor-element-populated\">\n\t\t\t\t\t\t<section class=\"elementor-section elementor-inner-section elementor-element elementor-element-65a4bfe9 elementor-section-boxed elementor-section-height-default elementor-section-height-default\" data-id=\"65a4bfe9\" data-element_type=\"section\" data-e-type=\"section\">\n\t\t\t\t\t\t<div class=\"elementor-container elementor-column-gap-default\">\n\t\t\t\t\t<div class=\"elementor-column elementor-col-33 elementor-inner-column elementor-element elementor-element-238c8c24\" data-id=\"238c8c24\" data-element_type=\"column\" data-e-type=\"column\" data-settings=\"{&quot;background_background&quot;:&quot;classic&quot;}\">\n\t\t\t<div class=\"elementor-widget-wrap elementor-element-populated\">\n\t\t\t\t\t\t<div class=\"elementor-element elementor-element-3d58bfaa elementor-widget elementor-widget-heading\" data-id=\"3d58bfaa\" data-element_type=\"widget\" data-e-type=\"widget\" data-widget_type=\"heading.default\">\n\t\t\t\t<div class=\"elementor-widget-container\">\n\t\t\t\t\t<h2 class=\"elementor-heading-title elementor-size-default\">Habitaci\u00f3n Individual<\/h2>\t\t\t\t<\/div>\n\t\t\t\t<\/div>\n\t\t\t\t<div class=\"elementor-element elementor-element-77a6bb34 elementor-widget elementor-widget-text-editor\" data-id=\"77a6bb34\" data-element_type=\"widget\" data-e-type=\"widget\" data-widget_type=\"text-editor.default\">\n\t\t\t\t<div class=\"elementor-widget-container\">\n\t\t\t\t\t\t\t\t\t<div class=\"wp-block-column\"><p>Esta habitaci\u00f3n cuenta con una cama individual, suelo de baldosa y colores pastel.\u00a0<span style=\"color: var( --e-global-color-nvtextcolor ); background-color: rgba(255, 255, 255, 0); font-family: var(--bodyfontfamily),var(--nv-fallback-ff); font-size: var(--bodyfontsize); font-weight: var(--bodyfontweight); letter-spacing: var(--bodyletterspacing); text-transform: var(--bodytexttransform);\">Dentro de la habitaci\u00f3n encontrar\u00e1s un lavabo, un ventilador y una TV. El ba\u00f1o es compartido.<\/span><\/p><\/div>\t\t\t\t\t\t\t\t<\/div>\n\t\t\t\t<\/div>\n\t\t\t\t\t<\/div>\n\t\t<\/div>\n\t\t\t\t<div class=\"elementor-column elementor-col-33 elementor-inner-column elementor-element elementor-element-349e4525\" data-id=\"349e4525\" data-element_type=\"column\" data-e-type=\"column\">\n\t\t\t<div class=\"elementor-widget-wrap\">\n\t\t\t\t\t\t\t<\/div>\n\t\t<\/div>\n\t\t\t\t<div class=\"elementor-column elementor-col-33 elementor-inner-column elementor-element elementor-element-4c2e7ecd\" data-id=\"4c2e7ecd\" data-element_type=\"column\" data-e-type=\"column\">\n\t\t\t<div class=\"elementor-widget-wrap elementor-element-populated\">\n\t\t\t\t\t\t<div class=\"elementor-element elementor-element-89fe069 elementor-widget elementor-widget-spacer\" data-id=\"89fe069\" data-element_type=\"widget\" data-e-type=\"widget\" data-widget_type=\"spacer.default\">\n\t\t\t\t<div class=\"elementor-widget-container\">\n\t\t\t\t\t\t\t<div class=\"elementor-spacer\">\n\t\t\t<div class=\"elementor-spacer-inner\"><\/div>\n\t\t<\/div>\n\t\t\t\t\t\t<\/div>\n\t\t\t\t<\/div>\n\t\t\t\t\t<\/div>\n\t\t<\/div>\n\t\t\t\t\t<\/div>\n\t\t<\/section>\n\t\t\t\t<section class=\"elementor-section elementor-inner-section elementor-element elementor-element-295b1dd2 elementor-section-boxed elementor-section-height-default elementor-section-height-default\" data-id=\"295b1dd2\" data-element_type=\"section\" data-e-type=\"section\">\n\t\t\t\t\t\t<div class=\"elementor-container elementor-column-gap-default\">\n\t\t\t\t\t<div class=\"elementor-column elementor-col-50 elementor-inner-column elementor-element elementor-element-14ff45e0\" data-id=\"14ff45e0\" data-element_type=\"column\" data-e-type=\"column\">\n\t\t\t<div class=\"elementor-widget-wrap elementor-element-populated\">\n\t\t\t\t\t\t<div class=\"elementor-element elementor-element-4bb150f2 elementor-widget elementor-widget-image\" data-id=\"4bb150f2\" data-element_type=\"widget\" data-e-type=\"widget\" data-widget_type=\"image.default\">\n\t\t\t\t<div class=\"elementor-widget-container\">\n\t\t\t\t\t\t\t\t\t\t\t\t\t\t\t<img fetchpriority=\"high\" decoding=\"async\" data-attachment-id=\"584\" data-permalink=\"https:\/\/www.pensionespana.es\/web\/single-room-in-city-center-cadiz\/\" data-orig-file=\"https:\/\/www.pensionespana.es\/web\/wp-content\/uploads\/2022\/10\/single-room-in-city-center-cadiz-scaled.jpeg\" data-orig-size=\"2560,1920\" data-comments-opened=\"1\" data-image-meta=\"{&quot;aperture&quot;:&quot;0&quot;,&quot;credit&quot;:&quot;&quot;,&quot;camera&quot;:&quot;&quot;,&quot;caption&quot;:&quot;&quot;,&quot;created_timestamp&quot;:&quot;1662352078&quot;,&quot;copyright&quot;:&quot;&quot;,&quot;focal_length&quot;:&quot;0&quot;,&quot;iso&quot;:&quot;0&quot;,&quot;shutter_speed&quot;:&quot;0&quot;,&quot;title&quot;:&quot;&quot;,&quot;orientation&quot;:&quot;1&quot;}\" data-image-title=\"single room in city center cadiz\" data-image-description=\"\" data-image-caption=\"\" data-large-file=\"https:\/\/www.pensionespana.es\/web\/wp-content\/uploads\/2022\/10\/single-room-in-city-center-cadiz-1024x768.jpeg\" width=\"1024\" height=\"768\" src=\"https:\/\/www.pensionespana.es\/web\/wp-content\/uploads\/2022\/10\/single-room-in-city-center-cadiz-1024x768.jpeg\" class=\"attachment-large size-large wp-image-584\" alt=\"Habitaci\u00f3n individual\" srcset=\"https:\/\/www.pensionespana.es\/web\/wp-content\/uploads\/2022\/10\/single-room-in-city-center-cadiz-1024x768.jpeg 1024w, https:\/\/www.pensionespana.es\/web\/wp-content\/uploads\/2022\/10\/single-room-in-city-center-cadiz-300x225.jpeg 300w, https:\/\/www.pensionespana.es\/web\/wp-content\/uploads\/2022\/10\/single-room-in-city-center-cadiz-768x576.jpeg 768w, https:\/\/www.pensionespana.es\/web\/wp-content\/uploads\/2022\/10\/single-room-in-city-center-cadiz-1536x1152.jpeg 1536w, https:\/\/www.pensionespana.es\/web\/wp-content\/uploads\/2022\/10\/single-room-in-city-center-cadiz-2048x1536.jpeg 2048w\" sizes=\"(max-width: 1024px) 100vw, 1024px\" data-attachment-id=\"584\" data-permalink=\"https:\/\/www.pensionespana.es\/web\/single-room-in-city-center-cadiz\/\" data-orig-file=\"https:\/\/www.pensionespana.es\/web\/wp-content\/uploads\/2022\/10\/single-room-in-city-center-cadiz-scaled.jpeg\" data-orig-size=\"2560,1920\" data-comments-opened=\"1\" data-image-meta=\"{&quot;aperture&quot;:&quot;0&quot;,&quot;credit&quot;:&quot;&quot;,&quot;camera&quot;:&quot;&quot;,&quot;caption&quot;:&quot;&quot;,&quot;created_timestamp&quot;:&quot;1662352078&quot;,&quot;copyright&quot;:&quot;&quot;,&quot;focal_length&quot;:&quot;0&quot;,&quot;iso&quot;:&quot;0&quot;,&quot;shutter_speed&quot;:&quot;0&quot;,&quot;title&quot;:&quot;&quot;,&quot;orientation&quot;:&quot;1&quot;}\" data-image-title=\"single room in city center cadiz\" data-image-description=\"\" data-image-caption=\"\" data-large-file=\"https:\/\/www.pensionespana.es\/web\/wp-content\/uploads\/2022\/10\/single-room-in-city-center-cadiz-1024x768.jpeg\" \/>\t\t\t\t\t\t\t\t\t\t\t\t\t\t\t<\/div>\n\t\t\t\t<\/div>\n\t\t\t\t\t<\/div>\n\t\t<\/div>\n\t\t\t\t<div class=\"elementor-column elementor-col-50 elementor-inner-column elementor-element elementor-element-2ba3cf9d\" data-id=\"2ba3cf9d\" data-element_type=\"column\" data-e-type=\"column\">\n\t\t\t<div class=\"elementor-widget-wrap elementor-element-populated\">\n\t\t\t\t\t\t<div class=\"elementor-element elementor-element-3ca3c50 elementor-widget elementor-widget-image\" data-id=\"3ca3c50\" data-element_type=\"widget\" data-e-type=\"widget\" data-widget_type=\"image.default\">\n\t\t\t\t<div class=\"elementor-widget-container\">\n\t\t\t\t\t\t\t\t\t\t\t\t\t\t\t<img decoding=\"async\" data-attachment-id=\"580\" data-permalink=\"https:\/\/www.pensionespana.es\/web\/habitacion-individual-en-el-centro-de-cadiz\/\" data-orig-file=\"https:\/\/www.pensionespana.es\/web\/wp-content\/uploads\/2022\/10\/habitacion-individual-en-el-centro-de-cadiz-scaled.jpeg\" data-orig-size=\"2560,1920\" data-comments-opened=\"1\" data-image-meta=\"{&quot;aperture&quot;:&quot;0&quot;,&quot;credit&quot;:&quot;&quot;,&quot;camera&quot;:&quot;&quot;,&quot;caption&quot;:&quot;&quot;,&quot;created_timestamp&quot;:&quot;1662352078&quot;,&quot;copyright&quot;:&quot;&quot;,&quot;focal_length&quot;:&quot;0&quot;,&quot;iso&quot;:&quot;0&quot;,&quot;shutter_speed&quot;:&quot;0&quot;,&quot;title&quot;:&quot;&quot;,&quot;orientation&quot;:&quot;1&quot;}\" data-image-title=\"habitacion individual en el centro de cadiz\" data-image-description=\"\" data-image-caption=\"\" data-large-file=\"https:\/\/www.pensionespana.es\/web\/wp-content\/uploads\/2022\/10\/habitacion-individual-en-el-centro-de-cadiz-1024x768.jpeg\" width=\"1024\" height=\"768\" src=\"https:\/\/www.pensionespana.es\/web\/wp-content\/uploads\/2022\/10\/habitacion-individual-en-el-centro-de-cadiz-1024x768.jpeg\" class=\"attachment-large size-large wp-image-580\" alt=\"Habitaci\u00f3n individual\" srcset=\"https:\/\/www.pensionespana.es\/web\/wp-content\/uploads\/2022\/10\/habitacion-individual-en-el-centro-de-cadiz-1024x768.jpeg 1024w, https:\/\/www.pensionespana.es\/web\/wp-content\/uploads\/2022\/10\/habitacion-individual-en-el-centro-de-cadiz-300x225.jpeg 300w, https:\/\/www.pensionespana.es\/web\/wp-content\/uploads\/2022\/10\/habitacion-individual-en-el-centro-de-cadiz-768x576.jpeg 768w, https:\/\/www.pensionespana.es\/web\/wp-content\/uploads\/2022\/10\/habitacion-individual-en-el-centro-de-cadiz-1536x1152.jpeg 1536w, https:\/\/www.pensionespana.es\/web\/wp-content\/uploads\/2022\/10\/habitacion-individual-en-el-centro-de-cadiz-2048x1536.jpeg 2048w\" sizes=\"(max-width: 1024px) 100vw, 1024px\" data-attachment-id=\"580\" data-permalink=\"https:\/\/www.pensionespana.es\/web\/habitacion-individual-en-el-centro-de-cadiz\/\" data-orig-file=\"https:\/\/www.pensionespana.es\/web\/wp-content\/uploads\/2022\/10\/habitacion-individual-en-el-centro-de-cadiz-scaled.jpeg\" data-orig-size=\"2560,1920\" data-comments-opened=\"1\" data-image-meta=\"{&quot;aperture&quot;:&quot;0&quot;,&quot;credit&quot;:&quot;&quot;,&quot;camera&quot;:&quot;&quot;,&quot;caption&quot;:&quot;&quot;,&quot;created_timestamp&quot;:&quot;1662352078&quot;,&quot;copyright&quot;:&quot;&quot;,&quot;focal_length&quot;:&quot;0&quot;,&quot;iso&quot;:&quot;0&quot;,&quot;shutter_speed&quot;:&quot;0&quot;,&quot;title&quot;:&quot;&quot;,&quot;orientation&quot;:&quot;1&quot;}\" data-image-title=\"habitacion individual en el centro de cadiz\" data-image-description=\"\" data-image-caption=\"\" data-large-file=\"https:\/\/www.pensionespana.es\/web\/wp-content\/uploads\/2022\/10\/habitacion-individual-en-el-centro-de-cadiz-1024x768.jpeg\" \/>\t\t\t\t\t\t\t\t\t\t\t\t\t\t\t<\/div>\n\t\t\t\t<\/div>\n\t\t\t\t\t<\/div>\n\t\t<\/div>\n\t\t\t\t\t<\/div>\n\t\t<\/section>\n\t\t\t\t<section class=\"elementor-section elementor-inner-section elementor-element elementor-element-0930cb0 elementor-section-boxed elementor-section-height-default elementor-section-height-default\" data-id=\"0930cb0\" data-element_type=\"section\" data-e-type=\"section\">\n\t\t\t\t\t\t<div class=\"elementor-container elementor-column-gap-default\">\n\t\t\t\t\t<div class=\"elementor-column elementor-col-50 elementor-inner-column elementor-element elementor-element-7415e8c\" data-id=\"7415e8c\" data-element_type=\"column\" data-e-type=\"column\">\n\t\t\t<div class=\"elementor-widget-wrap elementor-element-populated\">\n\t\t\t\t\t\t<div class=\"elementor-element elementor-element-7488fa1 elementor-widget elementor-widget-image\" data-id=\"7488fa1\" data-element_type=\"widget\" data-e-type=\"widget\" data-widget_type=\"image.default\">\n\t\t\t\t<div class=\"elementor-widget-container\">\n\t\t\t\t\t\t\t\t\t\t\t\t\t\t\t<img decoding=\"async\" data-attachment-id=\"582\" data-permalink=\"https:\/\/www.pensionespana.es\/web\/habitacion-una-persona-en-cadiz\/\" data-orig-file=\"https:\/\/www.pensionespana.es\/web\/wp-content\/uploads\/2022\/10\/habitacion-una-persona-en-cadiz-scaled.jpeg\" data-orig-size=\"2560,1920\" data-comments-opened=\"1\" data-image-meta=\"{&quot;aperture&quot;:&quot;0&quot;,&quot;credit&quot;:&quot;&quot;,&quot;camera&quot;:&quot;&quot;,&quot;caption&quot;:&quot;&quot;,&quot;created_timestamp&quot;:&quot;1662352230&quot;,&quot;copyright&quot;:&quot;&quot;,&quot;focal_length&quot;:&quot;0&quot;,&quot;iso&quot;:&quot;0&quot;,&quot;shutter_speed&quot;:&quot;0&quot;,&quot;title&quot;:&quot;&quot;,&quot;orientation&quot;:&quot;1&quot;}\" data-image-title=\"habitacion individual en cadiz\" data-image-description=\"\" data-image-caption=\"\" data-large-file=\"https:\/\/www.pensionespana.es\/web\/wp-content\/uploads\/2022\/10\/habitacion-una-persona-en-cadiz-1024x768.jpeg\" width=\"1024\" height=\"768\" src=\"https:\/\/www.pensionespana.es\/web\/wp-content\/uploads\/2022\/10\/habitacion-una-persona-en-cadiz-1024x768.jpeg\" class=\"attachment-large size-large wp-image-582\" alt=\"Habitaci\u00f3n individual\" srcset=\"https:\/\/www.pensionespana.es\/web\/wp-content\/uploads\/2022\/10\/habitacion-una-persona-en-cadiz-1024x768.jpeg 1024w, https:\/\/www.pensionespana.es\/web\/wp-content\/uploads\/2022\/10\/habitacion-una-persona-en-cadiz-300x225.jpeg 300w, https:\/\/www.pensionespana.es\/web\/wp-content\/uploads\/2022\/10\/habitacion-una-persona-en-cadiz-768x576.jpeg 768w, https:\/\/www.pensionespana.es\/web\/wp-content\/uploads\/2022\/10\/habitacion-una-persona-en-cadiz-1536x1152.jpeg 1536w, https:\/\/www.pensionespana.es\/web\/wp-content\/uploads\/2022\/10\/habitacion-una-persona-en-cadiz-2048x1536.jpeg 2048w\" sizes=\"(max-width: 1024px) 100vw, 1024px\" data-attachment-id=\"582\" data-permalink=\"https:\/\/www.pensionespana.es\/web\/habitacion-una-persona-en-cadiz\/\" data-orig-file=\"https:\/\/www.pensionespana.es\/web\/wp-content\/uploads\/2022\/10\/habitacion-una-persona-en-cadiz-scaled.jpeg\" data-orig-size=\"2560,1920\" data-comments-opened=\"1\" data-image-meta=\"{&quot;aperture&quot;:&quot;0&quot;,&quot;credit&quot;:&quot;&quot;,&quot;camera&quot;:&quot;&quot;,&quot;caption&quot;:&quot;&quot;,&quot;created_timestamp&quot;:&quot;1662352230&quot;,&quot;copyright&quot;:&quot;&quot;,&quot;focal_length&quot;:&quot;0&quot;,&quot;iso&quot;:&quot;0&quot;,&quot;shutter_speed&quot;:&quot;0&quot;,&quot;title&quot;:&quot;&quot;,&quot;orientation&quot;:&quot;1&quot;}\" data-image-title=\"habitacion individual en cadiz\" data-image-description=\"\" data-image-caption=\"\" data-large-file=\"https:\/\/www.pensionespana.es\/web\/wp-content\/uploads\/2022\/10\/habitacion-una-persona-en-cadiz-1024x768.jpeg\" \/>\t\t\t\t\t\t\t\t\t\t\t\t\t\t\t<\/div>\n\t\t\t\t<\/div>\n\t\t\t\t<div class=\"elementor-element elementor-element-59e29730 elementor-widget elementor-widget-image\" data-id=\"59e29730\" data-element_type=\"widget\" data-e-type=\"widget\" data-widget_type=\"image.default\">\n\t\t\t\t<div class=\"elementor-widget-container\">\n\t\t\t\t\t\t\t\t\t\t\t\t\t\t\t<img loading=\"lazy\" decoding=\"async\" data-attachment-id=\"583\" data-permalink=\"https:\/\/www.pensionespana.es\/web\/single-room-in-cadiz\/\" data-orig-file=\"https:\/\/www.pensionespana.es\/web\/wp-content\/uploads\/2022\/10\/single-room-in-cadiz-scaled.jpeg\" data-orig-size=\"2560,1920\" data-comments-opened=\"1\" data-image-meta=\"{&quot;aperture&quot;:&quot;0&quot;,&quot;credit&quot;:&quot;&quot;,&quot;camera&quot;:&quot;&quot;,&quot;caption&quot;:&quot;&quot;,&quot;created_timestamp&quot;:&quot;1662352230&quot;,&quot;copyright&quot;:&quot;&quot;,&quot;focal_length&quot;:&quot;0&quot;,&quot;iso&quot;:&quot;0&quot;,&quot;shutter_speed&quot;:&quot;0&quot;,&quot;title&quot;:&quot;&quot;,&quot;orientation&quot;:&quot;1&quot;}\" data-image-title=\"single room in cadiz\" data-image-description=\"\" data-image-caption=\"\" data-large-file=\"https:\/\/www.pensionespana.es\/web\/wp-content\/uploads\/2022\/10\/single-room-in-cadiz-1024x768.jpeg\" width=\"1024\" height=\"768\" src=\"https:\/\/www.pensionespana.es\/web\/wp-content\/uploads\/2022\/10\/single-room-in-cadiz-1024x768.jpeg\" class=\"attachment-large size-large wp-image-583\" alt=\"Habitaci\u00f3n individual\" srcset=\"https:\/\/www.pensionespana.es\/web\/wp-content\/uploads\/2022\/10\/single-room-in-cadiz-1024x768.jpeg 1024w, https:\/\/www.pensionespana.es\/web\/wp-content\/uploads\/2022\/10\/single-room-in-cadiz-300x225.jpeg 300w, https:\/\/www.pensionespana.es\/web\/wp-content\/uploads\/2022\/10\/single-room-in-cadiz-768x576.jpeg 768w, https:\/\/www.pensionespana.es\/web\/wp-content\/uploads\/2022\/10\/single-room-in-cadiz-1536x1152.jpeg 1536w, https:\/\/www.pensionespana.es\/web\/wp-content\/uploads\/2022\/10\/single-room-in-cadiz-2048x1536.jpeg 2048w\" sizes=\"(max-width: 1024px) 100vw, 1024px\" data-attachment-id=\"583\" data-permalink=\"https:\/\/www.pensionespana.es\/web\/single-room-in-cadiz\/\" data-orig-file=\"https:\/\/www.pensionespana.es\/web\/wp-content\/uploads\/2022\/10\/single-room-in-cadiz-scaled.jpeg\" data-orig-size=\"2560,1920\" data-comments-opened=\"1\" data-image-meta=\"{&quot;aperture&quot;:&quot;0&quot;,&quot;credit&quot;:&quot;&quot;,&quot;camera&quot;:&quot;&quot;,&quot;caption&quot;:&quot;&quot;,&quot;created_timestamp&quot;:&quot;1662352230&quot;,&quot;copyright&quot;:&quot;&quot;,&quot;focal_length&quot;:&quot;0&quot;,&quot;iso&quot;:&quot;0&quot;,&quot;shutter_speed&quot;:&quot;0&quot;,&quot;title&quot;:&quot;&quot;,&quot;orientation&quot;:&quot;1&quot;}\" data-image-title=\"single room in cadiz\" data-image-description=\"\" data-image-caption=\"\" data-large-file=\"https:\/\/www.pensionespana.es\/web\/wp-content\/uploads\/2022\/10\/single-room-in-cadiz-1024x768.jpeg\" \/>\t\t\t\t\t\t\t\t\t\t\t\t\t\t\t<\/div>\n\t\t\t\t<\/div>\n\t\t\t\t\t<\/div>\n\t\t<\/div>\n\t\t\t\t<div class=\"elementor-column elementor-col-50 elementor-inner-column elementor-element elementor-element-dedaf8a\" data-id=\"dedaf8a\" data-element_type=\"column\" data-e-type=\"column\">\n\t\t\t<div class=\"elementor-widget-wrap elementor-element-populated\">\n\t\t\t\t\t\t<div class=\"elementor-element elementor-element-5134878 elementor-widget elementor-widget-image\" data-id=\"5134878\" data-element_type=\"widget\" data-e-type=\"widget\" data-widget_type=\"image.default\">\n\t\t\t\t<div class=\"elementor-widget-container\">\n\t\t\t\t\t\t\t\t\t\t\t\t\t\t\t<img loading=\"lazy\" decoding=\"async\" data-attachment-id=\"581\" data-permalink=\"https:\/\/www.pensionespana.es\/web\/habitacion-individual-pension-espana\/\" data-orig-file=\"https:\/\/www.pensionespana.es\/web\/wp-content\/uploads\/2022\/10\/habitacion-individual-pension-espana-scaled.jpeg\" data-orig-size=\"1920,2560\" data-comments-opened=\"1\" data-image-meta=\"{&quot;aperture&quot;:&quot;0&quot;,&quot;credit&quot;:&quot;&quot;,&quot;camera&quot;:&quot;&quot;,&quot;caption&quot;:&quot;&quot;,&quot;created_timestamp&quot;:&quot;1662352230&quot;,&quot;copyright&quot;:&quot;&quot;,&quot;focal_length&quot;:&quot;0&quot;,&quot;iso&quot;:&quot;0&quot;,&quot;shutter_speed&quot;:&quot;0&quot;,&quot;title&quot;:&quot;&quot;,&quot;orientation&quot;:&quot;1&quot;}\" data-image-title=\"habitacion individual pension espa\u00f1a\" data-image-description=\"\" data-image-caption=\"\" data-large-file=\"https:\/\/www.pensionespana.es\/web\/wp-content\/uploads\/2022\/10\/habitacion-individual-pension-espana-768x1024.jpeg\" width=\"768\" height=\"1024\" src=\"https:\/\/www.pensionespana.es\/web\/wp-content\/uploads\/2022\/10\/habitacion-individual-pension-espana-768x1024.jpeg\" class=\"attachment-large size-large wp-image-581\" alt=\"Habitaci\u00f3n individual\" srcset=\"https:\/\/www.pensionespana.es\/web\/wp-content\/uploads\/2022\/10\/habitacion-individual-pension-espana-768x1024.jpeg 768w, https:\/\/www.pensionespana.es\/web\/wp-content\/uploads\/2022\/10\/habitacion-individual-pension-espana-225x300.jpeg 225w, https:\/\/www.pensionespana.es\/web\/wp-content\/uploads\/2022\/10\/habitacion-individual-pension-espana-1152x1536.jpeg 1152w, https:\/\/www.pensionespana.es\/web\/wp-content\/uploads\/2022\/10\/habitacion-individual-pension-espana-1536x2048.jpeg 1536w, https:\/\/www.pensionespana.es\/web\/wp-content\/uploads\/2022\/10\/habitacion-individual-pension-espana-scaled.jpeg 1920w\" sizes=\"(max-width: 768px) 100vw, 768px\" data-attachment-id=\"581\" data-permalink=\"https:\/\/www.pensionespana.es\/web\/habitacion-individual-pension-espana\/\" data-orig-file=\"https:\/\/www.pensionespana.es\/web\/wp-content\/uploads\/2022\/10\/habitacion-individual-pension-espana-scaled.jpeg\" data-orig-size=\"1920,2560\" data-comments-opened=\"1\" data-image-meta=\"{&quot;aperture&quot;:&quot;0&quot;,&quot;credit&quot;:&quot;&quot;,&quot;camera&quot;:&quot;&quot;,&quot;caption&quot;:&quot;&quot;,&quot;created_timestamp&quot;:&quot;1662352230&quot;,&quot;copyright&quot;:&quot;&quot;,&quot;focal_length&quot;:&quot;0&quot;,&quot;iso&quot;:&quot;0&quot;,&quot;shutter_speed&quot;:&quot;0&quot;,&quot;title&quot;:&quot;&quot;,&quot;orientation&quot;:&quot;1&quot;}\" data-image-title=\"habitacion individual pension espa\u00f1a\" data-image-description=\"\" data-image-caption=\"\" data-large-file=\"https:\/\/www.pensionespana.es\/web\/wp-content\/uploads\/2022\/10\/habitacion-individual-pension-espana-768x1024.jpeg\" \/>\t\t\t\t\t\t\t\t\t\t\t\t\t\t\t<\/div>\n\t\t\t\t<\/div>\n\t\t\t\t\t<\/div>\n\t\t<\/div>\n\t\t\t\t\t<\/div>\n\t\t<\/section>\n\t\t\t\t\t<\/div>\n\t\t<\/div>\n\t\t\t\t\t<\/div>\n\t\t<\/section>\n\t\t\t\t<section class=\"elementor-section elementor-top-section elementor-element elementor-element-f171955 elementor-section-boxed elementor-section-height-default elementor-section-height-default\" data-id=\"f171955\" data-element_type=\"section\" data-e-type=\"section\" data-settings=\"{&quot;background_background&quot;:&quot;classic&quot;}\">\n\t\t\t\t\t\t\t<div class=\"elementor-background-overlay\"><\/div>\n\t\t\t\t\t\t\t<div class=\"elementor-container elementor-column-gap-default\">\n\t\t\t\t\t<div class=\"elementor-column elementor-col-100 elementor-top-column elementor-element elementor-element-1fd9b80\" data-id=\"1fd9b80\" data-element_type=\"column\" data-e-type=\"column\">\n\t\t\t<div class=\"elementor-widget-wrap elementor-element-populated\">\n\t\t\t\t\t\t<section class=\"elementor-section elementor-inner-section elementor-element elementor-element-b25832b elementor-section-boxed elementor-section-height-default elementor-section-height-default\" data-id=\"b25832b\" data-element_type=\"section\" data-e-type=\"section\">\n\t\t\t\t\t\t<div class=\"elementor-container elementor-column-gap-default\">\n\t\t\t\t\t<div class=\"elementor-column elementor-col-33 elementor-inner-column elementor-element elementor-element-26c6eb1\" data-id=\"26c6eb1\" data-element_type=\"column\" data-e-type=\"column\" data-settings=\"{&quot;background_background&quot;:&quot;classic&quot;}\">\n\t\t\t<div class=\"elementor-widget-wrap elementor-element-populated\">\n\t\t\t\t\t\t<div class=\"elementor-element elementor-element-1925eb1 elementor-widget elementor-widget-heading\" data-id=\"1925eb1\" data-element_type=\"widget\" data-e-type=\"widget\" data-widget_type=\"heading.default\">\n\t\t\t\t<div class=\"elementor-widget-container\">\n\t\t\t\t\t<h2 class=\"elementor-heading-title elementor-size-default\">Habitaci\u00f3n Individual econ\u00f3mica<\/h2>\t\t\t\t<\/div>\n\t\t\t\t<\/div>\n\t\t\t\t<div class=\"elementor-element elementor-element-f3f0654 elementor-widget elementor-widget-text-editor\" data-id=\"f3f0654\" data-element_type=\"widget\" data-e-type=\"widget\" data-widget_type=\"text-editor.default\">\n\t\t\t\t<div class=\"elementor-widget-container\">\n\t\t\t\t\t\t\t\t\t<div class=\"wp-block-column\"><p>Esta habitaci\u00f3n cuenta con una cama individual, suelo de baldosa y colores pastel. Dentro de la habitaci\u00f3n encontrar\u00e1s una ventana a la calle, un escritorio y un ventilador. El ba\u00f1o es compartido.<\/p><\/div>\t\t\t\t\t\t\t\t<\/div>\n\t\t\t\t<\/div>\n\t\t\t\t\t<\/div>\n\t\t<\/div>\n\t\t\t\t<div class=\"elementor-column elementor-col-33 elementor-inner-column elementor-element elementor-element-8a6386b\" data-id=\"8a6386b\" data-element_type=\"column\" data-e-type=\"column\">\n\t\t\t<div class=\"elementor-widget-wrap\">\n\t\t\t\t\t\t\t<\/div>\n\t\t<\/div>\n\t\t\t\t<div class=\"elementor-column elementor-col-33 elementor-inner-column elementor-element elementor-element-c58ebd7\" data-id=\"c58ebd7\" data-element_type=\"column\" data-e-type=\"column\">\n\t\t\t<div class=\"elementor-widget-wrap elementor-element-populated\">\n\t\t\t\t\t\t<div class=\"elementor-element elementor-element-a95959c elementor-widget elementor-widget-spacer\" data-id=\"a95959c\" data-element_type=\"widget\" data-e-type=\"widget\" data-widget_type=\"spacer.default\">\n\t\t\t\t<div class=\"elementor-widget-container\">\n\t\t\t\t\t\t\t<div class=\"elementor-spacer\">\n\t\t\t<div class=\"elementor-spacer-inner\"><\/div>\n\t\t<\/div>\n\t\t\t\t\t\t<\/div>\n\t\t\t\t<\/div>\n\t\t\t\t\t<\/div>\n\t\t<\/div>\n\t\t\t\t\t<\/div>\n\t\t<\/section>\n\t\t\t\t<section class=\"elementor-section elementor-inner-section elementor-element elementor-element-c387a35 elementor-section-boxed elementor-section-height-default elementor-section-height-default\" data-id=\"c387a35\" data-element_type=\"section\" data-e-type=\"section\">\n\t\t\t\t\t\t<div class=\"elementor-container elementor-column-gap-default\">\n\t\t\t\t\t<div class=\"elementor-column elementor-col-50 elementor-inner-column elementor-element elementor-element-06c67cd\" data-id=\"06c67cd\" data-element_type=\"column\" data-e-type=\"column\">\n\t\t\t<div class=\"elementor-widget-wrap elementor-element-populated\">\n\t\t\t\t\t\t<div class=\"elementor-element elementor-element-3bf5b9f elementor-widget elementor-widget-image\" data-id=\"3bf5b9f\" data-element_type=\"widget\" data-e-type=\"widget\" data-widget_type=\"image.default\">\n\t\t\t\t<div class=\"elementor-widget-container\">\n\t\t\t\t\t\t\t\t\t\t\t\t\t\t\t<img loading=\"lazy\" decoding=\"async\" data-attachment-id=\"586\" data-permalink=\"https:\/\/www.pensionespana.es\/web\/single-room-budget-in-center-cadiz\/\" data-orig-file=\"https:\/\/www.pensionespana.es\/web\/wp-content\/uploads\/2022\/10\/single-room-budget-in-center-cadiz-scaled.jpeg\" data-orig-size=\"2560,1920\" data-comments-opened=\"1\" data-image-meta=\"{&quot;aperture&quot;:&quot;0&quot;,&quot;credit&quot;:&quot;&quot;,&quot;camera&quot;:&quot;&quot;,&quot;caption&quot;:&quot;&quot;,&quot;created_timestamp&quot;:&quot;1662352044&quot;,&quot;copyright&quot;:&quot;&quot;,&quot;focal_length&quot;:&quot;0&quot;,&quot;iso&quot;:&quot;0&quot;,&quot;shutter_speed&quot;:&quot;0&quot;,&quot;title&quot;:&quot;&quot;,&quot;orientation&quot;:&quot;1&quot;}\" data-image-title=\"single room budget in center cadiz\" data-image-description=\"\" data-image-caption=\"\" data-large-file=\"https:\/\/www.pensionespana.es\/web\/wp-content\/uploads\/2022\/10\/single-room-budget-in-center-cadiz-1024x768.jpeg\" width=\"1024\" height=\"768\" src=\"https:\/\/www.pensionespana.es\/web\/wp-content\/uploads\/2022\/10\/single-room-budget-in-center-cadiz-1024x768.jpeg\" class=\"attachment-large size-large wp-image-586\" alt=\"Habitaci\u00f3n individual econ\u00f3mica\" srcset=\"https:\/\/www.pensionespana.es\/web\/wp-content\/uploads\/2022\/10\/single-room-budget-in-center-cadiz-1024x768.jpeg 1024w, https:\/\/www.pensionespana.es\/web\/wp-content\/uploads\/2022\/10\/single-room-budget-in-center-cadiz-300x225.jpeg 300w, https:\/\/www.pensionespana.es\/web\/wp-content\/uploads\/2022\/10\/single-room-budget-in-center-cadiz-768x576.jpeg 768w, https:\/\/www.pensionespana.es\/web\/wp-content\/uploads\/2022\/10\/single-room-budget-in-center-cadiz-1536x1152.jpeg 1536w, https:\/\/www.pensionespana.es\/web\/wp-content\/uploads\/2022\/10\/single-room-budget-in-center-cadiz-2048x1536.jpeg 2048w\" sizes=\"(max-width: 1024px) 100vw, 1024px\" data-attachment-id=\"586\" data-permalink=\"https:\/\/www.pensionespana.es\/web\/single-room-budget-in-center-cadiz\/\" data-orig-file=\"https:\/\/www.pensionespana.es\/web\/wp-content\/uploads\/2022\/10\/single-room-budget-in-center-cadiz-scaled.jpeg\" data-orig-size=\"2560,1920\" data-comments-opened=\"1\" data-image-meta=\"{&quot;aperture&quot;:&quot;0&quot;,&quot;credit&quot;:&quot;&quot;,&quot;camera&quot;:&quot;&quot;,&quot;caption&quot;:&quot;&quot;,&quot;created_timestamp&quot;:&quot;1662352044&quot;,&quot;copyright&quot;:&quot;&quot;,&quot;focal_length&quot;:&quot;0&quot;,&quot;iso&quot;:&quot;0&quot;,&quot;shutter_speed&quot;:&quot;0&quot;,&quot;title&quot;:&quot;&quot;,&quot;orientation&quot;:&quot;1&quot;}\" data-image-title=\"single room budget in center cadiz\" data-image-description=\"\" data-image-caption=\"\" data-large-file=\"https:\/\/www.pensionespana.es\/web\/wp-content\/uploads\/2022\/10\/single-room-budget-in-center-cadiz-1024x768.jpeg\" \/>\t\t\t\t\t\t\t\t\t\t\t\t\t\t\t<\/div>\n\t\t\t\t<\/div>\n\t\t\t\t\t<\/div>\n\t\t<\/div>\n\t\t\t\t<div class=\"elementor-column elementor-col-50 elementor-inner-column elementor-element elementor-element-60a000f\" data-id=\"60a000f\" data-element_type=\"column\" data-e-type=\"column\">\n\t\t\t<div class=\"elementor-widget-wrap elementor-element-populated\">\n\t\t\t\t\t\t<div class=\"elementor-element elementor-element-4d5631c elementor-widget elementor-widget-image\" data-id=\"4d5631c\" data-element_type=\"widget\" data-e-type=\"widget\" data-widget_type=\"image.default\">\n\t\t\t\t<div class=\"elementor-widget-container\">\n\t\t\t\t\t\t\t\t\t\t\t\t\t\t\t<img loading=\"lazy\" decoding=\"async\" data-attachment-id=\"585\" data-permalink=\"https:\/\/www.pensionespana.es\/web\/habitacion-individual-economica-cadiz\/\" data-orig-file=\"https:\/\/www.pensionespana.es\/web\/wp-content\/uploads\/2022\/10\/habitacion-individual-economica-cadiz-scaled.jpg\" data-orig-size=\"2560,1920\" data-comments-opened=\"1\" data-image-meta=\"{&quot;aperture&quot;:&quot;0&quot;,&quot;credit&quot;:&quot;&quot;,&quot;camera&quot;:&quot;&quot;,&quot;caption&quot;:&quot;&quot;,&quot;created_timestamp&quot;:&quot;1662352044&quot;,&quot;copyright&quot;:&quot;&quot;,&quot;focal_length&quot;:&quot;0&quot;,&quot;iso&quot;:&quot;0&quot;,&quot;shutter_speed&quot;:&quot;0&quot;,&quot;title&quot;:&quot;&quot;,&quot;orientation&quot;:&quot;1&quot;}\" data-image-title=\"habitacion individual economica cadiz\" data-image-description=\"\" data-image-caption=\"\" data-large-file=\"https:\/\/www.pensionespana.es\/web\/wp-content\/uploads\/2022\/10\/habitacion-individual-economica-cadiz-1024x768.jpg\" width=\"1024\" height=\"768\" src=\"https:\/\/www.pensionespana.es\/web\/wp-content\/uploads\/2022\/10\/habitacion-individual-economica-cadiz-1024x768.jpg\" class=\"attachment-large size-large wp-image-585\" alt=\"Habitaci\u00f3n individual econ\u00f3mica\" srcset=\"https:\/\/www.pensionespana.es\/web\/wp-content\/uploads\/2022\/10\/habitacion-individual-economica-cadiz-1024x768.jpg 1024w, https:\/\/www.pensionespana.es\/web\/wp-content\/uploads\/2022\/10\/habitacion-individual-economica-cadiz-300x225.jpg 300w, https:\/\/www.pensionespana.es\/web\/wp-content\/uploads\/2022\/10\/habitacion-individual-economica-cadiz-768x576.jpg 768w, https:\/\/www.pensionespana.es\/web\/wp-content\/uploads\/2022\/10\/habitacion-individual-economica-cadiz-1536x1152.jpg 1536w, https:\/\/www.pensionespana.es\/web\/wp-content\/uploads\/2022\/10\/habitacion-individual-economica-cadiz-2048x1536.jpg 2048w\" sizes=\"(max-width: 1024px) 100vw, 1024px\" data-attachment-id=\"585\" data-permalink=\"https:\/\/www.pensionespana.es\/web\/habitacion-individual-economica-cadiz\/\" data-orig-file=\"https:\/\/www.pensionespana.es\/web\/wp-content\/uploads\/2022\/10\/habitacion-individual-economica-cadiz-scaled.jpg\" data-orig-size=\"2560,1920\" data-comments-opened=\"1\" data-image-meta=\"{&quot;aperture&quot;:&quot;0&quot;,&quot;credit&quot;:&quot;&quot;,&quot;camera&quot;:&quot;&quot;,&quot;caption&quot;:&quot;&quot;,&quot;created_timestamp&quot;:&quot;1662352044&quot;,&quot;copyright&quot;:&quot;&quot;,&quot;focal_length&quot;:&quot;0&quot;,&quot;iso&quot;:&quot;0&quot;,&quot;shutter_speed&quot;:&quot;0&quot;,&quot;title&quot;:&quot;&quot;,&quot;orientation&quot;:&quot;1&quot;}\" data-image-title=\"habitacion individual economica cadiz\" data-image-description=\"\" data-image-caption=\"\" data-large-file=\"https:\/\/www.pensionespana.es\/web\/wp-content\/uploads\/2022\/10\/habitacion-individual-economica-cadiz-1024x768.jpg\" \/>\t\t\t\t\t\t\t\t\t\t\t\t\t\t\t<\/div>\n\t\t\t\t<\/div>\n\t\t\t\t\t<\/div>\n\t\t<\/div>\n\t\t\t\t\t<\/div>\n\t\t<\/section>\n\t\t\t\t\t<\/div>\n\t\t<\/div>\n\t\t\t\t\t<\/div>\n\t\t<\/section>\n\t\t\t\t<\/div>\n\t\t","protected":false},"excerpt":{"rendered":"<p>Individuales Habitaci\u00f3n Individual Esta habitaci\u00f3n cuenta con una cama individual, suelo de baldosa y colores pastel.\u00a0Dentro de la habitaci\u00f3n encontrar\u00e1s un lavabo, un ventilador y una TV. El ba\u00f1o es compartido. Habitaci\u00f3n Individual econ\u00f3mica Esta habitaci\u00f3n cuenta con una cama individual, suelo de baldosa y colores pastel. Dentro de la habitaci\u00f3n encontrar\u00e1s una ventana a&hellip;&nbsp;<a href=\"https:\/\/www.pensionespana.es\/web\/habitaciones-individuales\/\" rel=\"bookmark\">Leer m\u00e1s &raquo;<span class=\"screen-reader-text\">Habitaciones Individuales<\/span><\/a><\/p>\n","protected":false},"author":1,"featured_media":0,"parent":0,"menu_order":0,"comment_status":"closed","ping_status":"closed","template":"page-templates\/template-pagebuilder-full-width.php","meta":{"neve_meta_sidebar":"","neve_meta_container":"","neve_meta_enable_content_width":"","neve_meta_content_width":0,"neve_meta_title_alignment":"","neve_meta_author_avatar":"","neve_post_elements_order":"","neve_meta_disable_header":"","neve_meta_disable_footer":"","neve_meta_disable_title":"","neve_meta_reading_time":"","advanced_seo_description":"","jetpack_seo_html_title":"","jetpack_seo_noindex":false,"footnotes":""},"class_list":["post-616","page","type-page","status-publish","hentry"],"jetpack_sharing_enabled":true,"_links":{"self":[{"href":"https:\/\/www.pensionespana.es\/web\/wp-json\/wp\/v2\/pages\/616","targetHints":{"allow":["GET"]}}],"collection":[{"href":"https:\/\/www.pensionespana.es\/web\/wp-json\/wp\/v2\/pages"}],"about":[{"href":"https:\/\/www.pensionespana.es\/web\/wp-json\/wp\/v2\/types\/page"}],"author":[{"embeddable":true,"href":"https:\/\/www.pensionespana.es\/web\/wp-json\/wp\/v2\/users\/1"}],"replies":[{"embeddable":true,"href":"https:\/\/www.pensionespana.es\/web\/wp-json\/wp\/v2\/comments?post=616"}],"version-history":[{"count":48,"href":"https:\/\/www.pensionespana.es\/web\/wp-json\/wp\/v2\/pages\/616\/revisions"}],"predecessor-version":[{"id":982,"href":"https:\/\/www.pensionespana.es\/web\/wp-json\/wp\/v2\/pages\/616\/revisions\/982"}],"wp:attachment":[{"href":"https:\/\/www.pensionespana.es\/web\/wp-json\/wp\/v2\/media?parent=616"}],"curies":[{"name":"wp","href":"https:\/\/api.w.org\/{rel}","templated":true}]}}