{"id":597,"date":"2022-10-22T06:53:38","date_gmt":"2022-10-22T06:53:38","guid":{"rendered":"https:\/\/www.pensionespana.es\/web\/?page_id=597"},"modified":"2022-10-22T06:53:41","modified_gmt":"2022-10-22T06:53:41","slug":"legal","status":"publish","type":"page","link":"https:\/\/www.pensionespana.es\/web\/legal\/","title":{"rendered":"Informaci\u00f3n legal"},"content":{"rendered":"\n<p>De conformidad con la Ley 34\/2002 de 11 de julio y dem\u00e1s legislaci\u00f3n concordante, xxx, manifiesta que su CIF es xxx, que cuenta con Domicilio Social en CALLE MARQU\u00c9S DE C\u00c1DIZ, 9; 11005 C\u00c1DIZ. <\/p>\n\n\n\n<p>Las presentes condiciones legales regulan el uso y las condiciones de acceso del sitio Web www.pensionespana.es (de ahora en adelante el \u00absitio\u00bb). El uso o el acceso a este sitio implica que usted (en adelante \u00abusuario\u00bb) reconoce haber le\u00eddo y comprendido las presentes informaciones en su totalidad. Si usted como usuario no est\u00e1 de acuerdo con alguna de las presentes condiciones deber\u00e1 dejar de acceder a este sitio.\u00a0<\/p>\n\n\n\n<p>En cumplimiento de la legislaci\u00f3n vigente, el titular de esta web es xxx.<br>Esta web es la p\u00e1gina oficial de la pensi\u00f3n Espa\u00f1a, pensi\u00f3n de X*, modalidad ciudad, inscrito en Turismo con el numero H\/CA\/x.<br>Esta web solo instala cookies de sesi\u00f3n (con fines estad\u00edsticos) y no recopila datos de car\u00e1cter personal.<\/p>\n\n\n\n<h3 class=\"wp-block-heading\">POL\u00cdTICA DE PROTECCI\u00d3N DE DATOS<\/h3>\n\n\n\n<p><strong>A) Informaci\u00f3n confidencial:<\/strong>&nbsp;Se entiende por \u00abinformaci\u00f3n confidencial\u00bb toda aquella informaci\u00f3n o dato provisto por usted en nuestra web.&nbsp;<\/p>\n\n\n\n<p>As\u00ed, a t\u00edtulo enunciativo, que no limitativo, se entiende como informaci\u00f3n confidencial toda informaci\u00f3n personal de forma no restrictiva: N\u00fameros de tel\u00e9fono, n\u00fameros de faxes, direcciones de correo electr\u00f3nico, direcciones de residencia, firmas, copias de pasaportes o documentos nacionales de identidad, detalles de tarjetas de cr\u00e9dito\/d\u00e9bito, preferencias personales, particularidades o cualquier otra informaci\u00f3n que le pertenezca y sea relevante para la contrataci\u00f3n o pago de la reserva de usted o del grupo en nombre del cual contrata.<\/p>\n\n\n\n<p>En ning\u00fan caso tendr\u00e1 car\u00e1cter de confidencial la informaci\u00f3n referente a:&nbsp;<\/p>\n\n\n\n<ul class=\"wp-block-list\"><li>Cualquier tema que aparezca de forma p\u00fablica o que pase a ser de dominio p\u00fablico a no ser que haya llegado a ser de dominio p\u00fablico a causa del incumplimiento de una de las partes.&nbsp;<\/li><li>Cualquier informaci\u00f3n o conocimiento (Know-How) adquirido de terceros.&nbsp;<\/li><li>Divulgaci\u00f3n requerida por Ley.&nbsp;<\/li><li>Divulgaci\u00f3n de cualquier informaci\u00f3n a petici\u00f3n de Jueces o Tribunales.&nbsp;<\/li><li>Informaci\u00f3n referente a datos econ\u00f3micos o de otra \u00edndole que deban ser aportados ante la Administraci\u00f3n estatal, local o auton\u00f3mica, por requerimientos fiscales, laborales o de contrataci\u00f3n administrativa.<\/li><\/ul>\n\n\n\n<p><strong>B) Acceso a datos personales<\/strong><\/p>\n\n\n\n<p>INFORMACI\u00d3N\u00a0\u2013 Responsable del Tratamiento: xxx. \u2013 Correo electr\u00f3nico: info@pensionespana.es <\/p>\n\n\n\n<p>FINALIDAD&nbsp;<\/p>\n\n\n\n<p>Actividad principal: PENSI\u00d3N<\/p>\n\n\n\n<p>La informaci\u00f3n aportada al formulario de contacto, o en su caso al registro como usuario, se entiende comunicada de modo veraz por parte del usuario de la web y solo ser\u00e1 recabada la adecuada, pertinente y no excesiva para atenderle como cliente y prestarle de forma correcta los servicios contratados, pero tambi\u00e9n en caso de contar con su consentimiento expreso, que podr\u00e1 otorgar al final de este documento, para gestionar lista de suscripciones, seguimientos, enviar boletines, promociones y ofertas especiales. Igualmente, para moderar y responder a comentarios de los usuarios de la web. No ser\u00e1 utilizada la informaci\u00f3n para cumplir finalidades incompatibles con aquellas para las que nos la ha proporcionado. Si fuese a ser utilizada para una finalidad incompatible, se le proporcionar\u00e1 informaci\u00f3n, adem\u00e1s de solicitarle su consentimiento para ello.&nbsp;<\/p>\n\n\n\n<p>No utilizaremos sus datos personales con la finalidad de tomar decisiones, basadas exclusivamente en el tratamiento automatizado sus datos, que puedan producir alg\u00fan efecto jur\u00eddico, salvo que sea necesaria para celebrar un contrato, lo consienta expl\u00edcitamente o lo autorice la Ley. Le garantizamos que respetamos las condiciones de uso establecidas legalmente y podremos desarrollar herramientas y algoritmos que ayuden a la web a garantizar confidencialidad de los datos que recoge. Los datos personales son recabados habitualmente por diversas v\u00edas diversas en formato papel o electr\u00f3nico. Para el caso de que cont\u00e1ramos con informaci\u00f3n que pudiera provenir de terceras personas, le informaremos en la primera comunicaci\u00f3n o en un mes de plazo m\u00e1ximo. Con el fin de poder ofrecerle productos y servicios de acuerdo con sus intereses podremos elaborar un perfil comercial, con base en dicha informaci\u00f3n. Toda su informaci\u00f3n ser\u00e1 archivada en nuestros servidores y formar\u00e1n parte de nuestros Registros de Actividad de Tratamiento.<\/p>\n\n\n\n<p>LEGITIMACI\u00d3N<\/p>\n\n\n\n<ul class=\"wp-block-list\"><li>Consentimiento del Interesado&nbsp;<\/li><li>Ejecuci\u00f3n de un Contrato&nbsp;<\/li><li>Cumplimiento de una Obligaci\u00f3n legal&nbsp;<\/li><li>Cualesquiera derivadas de la ejecuci\u00f3n del contrato<\/li><li>Inter\u00e9s P\u00fablico o ejercicio de Poderes P\u00fablicos<\/li><li>Inter\u00e9s leg\u00edtimo del responsable, o de un tercero&nbsp;<\/li><li>Protecci\u00f3n de intereses vitales del interesado o de otra persona.&nbsp;<\/li><\/ul>\n\n\n\n<p>CONSERVACI\u00d3N&nbsp;<\/p>\n\n\n\n<p>Sus datos ser\u00e1n conservados durante el tiempo necesario para cumplir con el servicio solicitado. Una vez cumplida dicha finalidad sus datos ser\u00e1n conservados debidamente bloqueados para poder cumplir con las obligaciones que legalmente vengan impuestas al responsable por la legislaci\u00f3n vigente. Transcurridos dichos plazos, sus datos ser\u00e1n borrados definitivamente salvo que nos solicite expresamente la portabilidad a tercero.&nbsp;<\/p>\n\n\n\n<p>DESTINATARIOS\/COMUNICACIONES<\/p>\n\n\n\n<ul class=\"wp-block-list\"><li>Hacienda P\u00fablica, Tesorer\u00eda General de la Seguridad Social o entidades Colaboradoras, u otras, por tratarse de un requisito legal.&nbsp;<\/li><li>Tribunales de Justicia, Ministerio Fiscal o Fuerzas y Cuerpos de Seguridad del Estado, u otras, por tratarse de un requisito legal.&nbsp;<\/li><li>Servicios fiscales y laborales<\/li><li>Servicios de consultor\u00eda&nbsp;<\/li><li>Servicios inform\u00e1ticos&nbsp;<\/li><li>Transferencias Internacionales<\/li><\/ul>\n\n\n\n<p>DERECHOS&nbsp;<\/p>\n\n\n\n<p>Puede ejercer sus derechos de acceso, rectificaci\u00f3n, supresi\u00f3n y portabilidad de sus datos, y la limitaci\u00f3n u oposici\u00f3n al tratamiento en: CALLE MARQU\u00c9S DE C\u00c1DIZ, 9. 11005 C\u00c1DIZ.<\/p>\n\n\n\n<p>Igualmente si se encuentra en desacuerdo respecto a la gesti\u00f3n de la informaci\u00f3n tiene derecho a reclamar ante la Autoridad de Control en: www.agpd.es&nbsp;<\/p>\n\n\n\n<p>PROCEDENCIA&nbsp;<\/p>\n\n\n\n<p>Los datos objeto de tratamiento proceden del interesado&nbsp;<\/p>\n\n\n\n<p>NORMATIVA&nbsp;<\/p>\n\n\n\n<p>Reglamento General de Protecci\u00f3n de Datos 2016\/679&nbsp;<br>Ley Org\u00e1nica 3\/2018 de Protecci\u00f3n de Datos<\/p>\n","protected":false},"excerpt":{"rendered":"<p>De conformidad con la Ley 34\/2002 de 11 de julio y dem\u00e1s legislaci\u00f3n concordante, xxx, manifiesta que su CIF es xxx, que cuenta con Domicilio Social en CALLE MARQU\u00c9S DE C\u00c1DIZ, 9; 11005 C\u00c1DIZ. Las presentes condiciones legales regulan el uso y las condiciones de acceso del sitio Web www.pensionespana.es (de ahora en adelante el&hellip;&nbsp;<a href=\"https:\/\/www.pensionespana.es\/web\/legal\/\" rel=\"bookmark\">Leer m\u00e1s &raquo;<span class=\"screen-reader-text\">Informaci\u00f3n legal<\/span><\/a><\/p>\n","protected":false},"author":1,"featured_media":0,"parent":0,"menu_order":0,"comment_status":"closed","ping_status":"closed","template":"","meta":{"neve_meta_sidebar":"","neve_meta_container":"","neve_meta_enable_content_width":"","neve_meta_content_width":0,"neve_meta_title_alignment":"","neve_meta_author_avatar":"","neve_post_elements_order":"","neve_meta_disable_header":"","neve_meta_disable_footer":"","neve_meta_disable_title":"","neve_meta_reading_time":"","advanced_seo_description":"","jetpack_seo_html_title":"","jetpack_seo_noindex":false,"footnotes":""},"class_list":["post-597","page","type-page","status-publish","hentry"],"jetpack_sharing_enabled":true,"_links":{"self":[{"href":"https:\/\/www.pensionespana.es\/web\/wp-json\/wp\/v2\/pages\/597","targetHints":{"allow":["GET"]}}],"collection":[{"href":"https:\/\/www.pensionespana.es\/web\/wp-json\/wp\/v2\/pages"}],"about":[{"href":"https:\/\/www.pensionespana.es\/web\/wp-json\/wp\/v2\/types\/page"}],"author":[{"embeddable":true,"href":"https:\/\/www.pensionespana.es\/web\/wp-json\/wp\/v2\/users\/1"}],"replies":[{"embeddable":true,"href":"https:\/\/www.pensionespana.es\/web\/wp-json\/wp\/v2\/comments?post=597"}],"version-history":[{"count":2,"href":"https:\/\/www.pensionespana.es\/web\/wp-json\/wp\/v2\/pages\/597\/revisions"}],"predecessor-version":[{"id":945,"href":"https:\/\/www.pensionespana.es\/web\/wp-json\/wp\/v2\/pages\/597\/revisions\/945"}],"wp:attachment":[{"href":"https:\/\/www.pensionespana.es\/web\/wp-json\/wp\/v2\/media?parent=597"}],"curies":[{"name":"wp","href":"https:\/\/api.w.org\/{rel}","templated":true}]}}